{"id":363,"date":"2016-03-17T21:48:04","date_gmt":"2016-03-17T20:48:04","guid":{"rendered":"http:\/\/www.brg9.at\/web\/?page_id=363"},"modified":"2025-10-16T10:58:47","modified_gmt":"2025-10-16T08:58:47","slug":"bibliothek","status":"publish","type":"page","link":"https:\/\/www.brg9.at\/web\/?page_id=363","title":{"rendered":"Bibliothek"},"content":{"rendered":"<h1>Bibliotkek online<\/h1>\n<p>Du m\u00f6chtest online <strong>bequem von zu Hause aus<\/strong> den Bestand unserer Schulbibliothek sichten &#8211; dann logge dich <a href=\"http:\/\/www.brg9.schulbibliothek.net\">hier<\/a> ein. Deine Zugangsdaten erh\u00e4ltst du direkt in der Schulbibliothek bei Frau Prof. Trieb-Ladst\u00e4tter, schau einfach vorbei!<\/p>\n<h1 style=\"text-align: justify;\">Der Raum<\/h1>\n<p>Unsere Schulbibliothek zeigt sich seit dem Schuljahr 2008\/2009 in ganz neuem Gewand. Wir sind sehr froh und stolz, einen Raum pr\u00e4sentieren zu d\u00fcrfen, der im Zuge der Generalsanierung und Erweiterung des Schulgeb\u00e4udes neu errichtet und in jeder Hinsicht neu ausgestattet wurde. Die Holzm\u00f6bel erzeugen einen sehr freundlichen Eindruck und aufgrund der gro\u00dfen Fensterfront, durch die man in den Innenhof der Schule blicken kann, ist der Raum lichtdurchflutet und hat sehr <strong>viel an Atmosph\u00e4re<\/strong> zu bieten. Als Ort der Ruhe ist die Bibliothek ein gern aufgesuchter Raum.<br \/>\nDie Bibliothek weist mittlerweile einen gewachsenen Bestand von <strong>mehr als 8.000 Medien<\/strong> (B\u00fccher, Zeitschriften und auch DVD\u2019s) auf, die verschiedenste Fachbereiche repr\u00e4sentieren. Weiters stehen sieben Computer mit Internetanschluss samt Beamer + Laptop f\u00fcr Pr\u00e4sentationen und ein 3D-Surround-Sound-System (zum Erzeugen einer \u201eKinostimmung\u201c) zur Verf\u00fcgung.<\/p>\n<p><img data-attachment-id=\"346\" data-permalink=\"https:\/\/www.brg9.at\/web\/?attachment_id=346\" data-orig-file=\"https:\/\/www.brg9.at\/web\/wp-content\/uploads\/2016\/03\/bibliothek1.jpg\" data-orig-size=\"1000,750\" data-comments-opened=\"0\" data-image-meta=\"{&quot;aperture&quot;:&quot;0&quot;,&quot;credit&quot;:&quot;&quot;,&quot;camera&quot;:&quot;&quot;,&quot;caption&quot;:&quot;&quot;,&quot;created_timestamp&quot;:&quot;0&quot;,&quot;copyright&quot;:&quot;&quot;,&quot;focal_length&quot;:&quot;0&quot;,&quot;iso&quot;:&quot;0&quot;,&quot;shutter_speed&quot;:&quot;0&quot;,&quot;title&quot;:&quot;&quot;,&quot;orientation&quot;:&quot;0&quot;}\" data-image-title=\"bibliothek1\" data-image-description=\"\" data-medium-file=\"https:\/\/www.brg9.at\/web\/wp-content\/uploads\/2016\/03\/bibliothek1-596x447.jpg\" data-large-file=\"https:\/\/www.brg9.at\/web\/wp-content\/uploads\/2016\/03\/bibliothek1.jpg\" loading=\"lazy\" class=\"alignnone size-medium wp-image-346\" src=\"https:\/\/www.brg9.at\/web\/wp-content\/uploads\/2016\/03\/bibliothek1-596x447.jpg\" alt=\"bibliothek1\" width=\"596\" height=\"447\" srcset=\"https:\/\/www.brg9.at\/web\/wp-content\/uploads\/2016\/03\/bibliothek1-596x447.jpg 596w, https:\/\/www.brg9.at\/web\/wp-content\/uploads\/2016\/03\/bibliothek1.jpg 1000w\" sizes=\"(max-width: 596px) 85vw, 596px\" \/><\/p>\n<h1>Der Betrieb<\/h1>\n<p>Die Bibliothek ist innerhalb der Schule keine abgeschottete Lerninsel ist, wo blo\u00dfe Sch\u00f6ngeistigkeit gepflegt wird, sondern ein <strong>Informationszentrum<\/strong>, das alle Fachbereiche abdeckt. Als Fachexpert:innen bringen die Kolleg:innen ihr ganz spezielles Know-how ein und artikulieren, in welchen Bereichen eine Aktualisierung oder Erweiterung des vorhandenen Literaturbestandes w\u00fcnschenswert ist. Im Rahmen unserer finanziellen M\u00f6glichkeiten werden diese Bed\u00fcrfnisse dann erf\u00fcllt.<br \/>\nDie Bibliothek bietet somit einen solides Informations- und Lekt\u00fcreangebot, das es vermag, Sch\u00fcler:innen beim Prozess des Lernens wirkungsvoll zu unterst\u00fctzen. Denn die geistige Auseinandersetzung mit Themen der Zeit &#8211; bzw. zeitlosen Themen &#8211; erfordert als Basis, sollte sie fundiert geschehen, aktuelle Literatur und neueste Informationen. Die allt\u00e4gliche Lernpraxis im Erich Fried Realgymnasium zeigt, dass Sch\u00fcler:innen und Lehrer:innen vom Medienangebot in der Bibliothek reichlich Gebrauch machen: Allein oder in Gruppen begeben sie sich hier auf Informationssuche, um in der Folge zu selektieren, zu gewichten, zu werten und zu diskutieren &#8230;<br \/>\nTagt\u00e4glich wird die Bibliothek aber auch von zahlreichen Sch\u00fcler:innen, die nicht von konkreten schulischen Aufgabenstellungen geleitet sind, aufgesucht. Es sind jene, die sich an eigenen Bed\u00fcrfnissen orientieren und zielsicher ihre Fantasy-, Grusel-, Tier-, Liebesgeschichten oder Fachb\u00fccher, aber auch Weltliteratur oder aktuelle Neuerscheinungen am \u00f6sterreichischen Buchmarkt aus den Regalen holen. Oder sie treffen sich in der Bibliothek, um gemeinsam zu lernen oder einfach nur zu entspannen.<br \/>\nEs ist eine wesentliche Aufgabe der Schulbibliothek, f\u00fcr ein <strong>breit gef\u00e4chertes Leseangebot<\/strong> zu sorgen, denn nur \u00fcber die positiv empfundene Leseerfahrung kann literarische Kompetenz entwickelt bzw. gef\u00f6rdert werden.<\/p>\n<h1>Das Team<\/h1>\n<p>Mein Name ist Mag. Barbara Trieb-Ladst\u00e4tter und ich leite die Bibliothek seit dem Schuljahr 2003\/04 mit sehr viel Freude.<\/p>\n<p><img data-attachment-id=\"426\" data-permalink=\"https:\/\/www.brg9.at\/web\/?attachment_id=426\" data-orig-file=\"https:\/\/www.brg9.at\/web\/wp-content\/uploads\/2016\/03\/bibliothek2.jpg\" data-orig-size=\"1000,750\" data-comments-opened=\"0\" data-image-meta=\"{&quot;aperture&quot;:&quot;0&quot;,&quot;credit&quot;:&quot;&quot;,&quot;camera&quot;:&quot;&quot;,&quot;caption&quot;:&quot;&quot;,&quot;created_timestamp&quot;:&quot;0&quot;,&quot;copyright&quot;:&quot;&quot;,&quot;focal_length&quot;:&quot;0&quot;,&quot;iso&quot;:&quot;0&quot;,&quot;shutter_speed&quot;:&quot;0&quot;,&quot;title&quot;:&quot;&quot;,&quot;orientation&quot;:&quot;0&quot;}\" data-image-title=\"Barbara in der Bibliothek\" data-image-description=\"\" data-medium-file=\"https:\/\/www.brg9.at\/web\/wp-content\/uploads\/2016\/03\/bibliothek2-596x447.jpg\" data-large-file=\"https:\/\/www.brg9.at\/web\/wp-content\/uploads\/2016\/03\/bibliothek2.jpg\" loading=\"lazy\" class=\"alignnone size-medium wp-image-426\" src=\"https:\/\/www.brg9.at\/web\/wp-content\/uploads\/2016\/03\/bibliothek2-596x447.jpg\" alt=\"Barbara in der Bibliothek\" width=\"596\" height=\"447\" srcset=\"https:\/\/www.brg9.at\/web\/wp-content\/uploads\/2016\/03\/bibliothek2-596x447.jpg 596w, https:\/\/www.brg9.at\/web\/wp-content\/uploads\/2016\/03\/bibliothek2.jpg 1000w\" sizes=\"(max-width: 596px) 85vw, 596px\" \/><\/p>\n<p><strong>Die Aufgaben der Bibliothekarin:<\/strong><\/p>\n<ul>\n<li>Lesef\u00f6rderstunden und Lesetraining<\/li>\n<li>Beratung f\u00fcr Literatursuchende<\/li>\n<li>Beratung beim Recherchieren<\/li>\n<li>Information nach au\u00dfen bez\u00fcglich der Neuerwerbungen<\/li>\n<li>Koordination aller W\u00fcnsche Neuzuk\u00e4ufe betreffend<\/li>\n<li>Hilfestellungen f\u00fcr VWA-Sch\u00fclerInnen<\/li>\n<li>Jede Menge Verwaltungsaufgaben &#8230;<\/li>\n<\/ul>\n<p>Ein herzliches <strong>Dankesch\u00f6n an alle<\/strong>, die mithelfen unsere Bibliothek so sch\u00f6n zu halten. Mein besonderer Dank gilt <strong>Frau Mag. Inf\u00fchr<\/strong>, die trotz wohlverdientem Ruhestand Dienste in der Bibliothek versieht und zus\u00e4tzlich Lernhilfe f\u00fcr unsere Sch\u00fcler:innen sowohl der Unterstufe als auch der Oberstufe anbietet.<\/p>\n<h1>Der Verleih<\/h1>\n<p>Alle Sch\u00fclerinnen und Sch\u00fcler unserer Schule sind dazu berechtigt, aus der Schulbibliothek Medien zu entlehnen. Die Entlehndauer f\u00fcr <strong>B\u00fccher<\/strong> betr\u00e4gt 3 Wochen, eine Verl\u00e4ngerung um 1 Woche ist zwei Mal m\u00f6glich. Es d\u00fcrfen h\u00f6chstens 3 B\u00fccher gleichzeitig entlehnt werden.<br \/>\nDie Entlehndauer f\u00fcr <strong>DVD\u2019s<\/strong> betr\u00e4gt 1 Woche, ohne Verl\u00e4ngerungsm\u00f6glichkeit.<br \/>\nDie Entlehnung erfolgt ausschlie\u00dflich \u00fcber die Bibliothekarin und Navigatorin. N\u00f6tig ist dazu einzig der Sch\u00fclerausweis.<\/p>\n<p>Wir freuen uns \u00fcber jeden Besuch in unserer Schulbibliothek!<\/p>\n<div class=\"sharedaddy sd-sharing-enabled\"><div class=\"robots-nocontent sd-block sd-social sd-social-icon-text sd-sharing\"><h3 class=\"sd-title\">Diesen Inhalt teilen:<\/h3><div class=\"sd-content\"><ul><li class=\"share-facebook\"><a rel=\"nofollow noopener noreferrer\" data-shared=\"sharing-facebook-363\" class=\"share-facebook sd-button share-icon\" href=\"https:\/\/www.brg9.at\/web\/?page_id=363&amp;share=facebook\" target=\"_blank\" title=\"Klick, um auf Facebook zu teilen\"><span>Facebook<\/span><\/a><\/li><li class=\"share-jetpack-whatsapp\"><a rel=\"nofollow noopener noreferrer\" data-shared=\"\" class=\"share-jetpack-whatsapp sd-button share-icon\" href=\"https:\/\/www.brg9.at\/web\/?page_id=363&amp;share=jetpack-whatsapp\" target=\"_blank\" title=\"Klicken, um auf WhatsApp zu teilen\"><span>WhatsApp<\/span><\/a><\/li><li class=\"share-print\"><a rel=\"nofollow noopener noreferrer\" data-shared=\"\" class=\"share-print sd-button share-icon\" href=\"https:\/\/www.brg9.at\/web\/?page_id=363\" target=\"_blank\" title=\"Klicken zum Ausdrucken\"><span>Drucken<\/span><\/a><\/li><li class=\"share-end\"><\/li><\/ul><\/div><\/div><\/div>","protected":false},"excerpt":{"rendered":"<p>Die Bibliothek hat viele B\u00fccher und andere Medien. Kommt vorbei und leiht sie euch aus! Oder schm\u00f6kert und reserviert online im Webopac!<\/p>\n<div class=\"sharedaddy sd-sharing-enabled\"><div class=\"robots-nocontent sd-block sd-social sd-social-icon-text sd-sharing\"><h3 class=\"sd-title\">Diesen Inhalt teilen:<\/h3><div class=\"sd-content\"><ul><li class=\"share-facebook\"><a rel=\"nofollow noopener noreferrer\" data-shared=\"sharing-facebook-363\" class=\"share-facebook sd-button share-icon\" href=\"https:\/\/www.brg9.at\/web\/?page_id=363&amp;share=facebook\" target=\"_blank\" title=\"Klick, um auf Facebook zu teilen\"><span>Facebook<\/span><\/a><\/li><li class=\"share-jetpack-whatsapp\"><a rel=\"nofollow noopener noreferrer\" data-shared=\"\" class=\"share-jetpack-whatsapp sd-button share-icon\" href=\"https:\/\/www.brg9.at\/web\/?page_id=363&amp;share=jetpack-whatsapp\" target=\"_blank\" title=\"Klicken, um auf WhatsApp zu teilen\"><span>WhatsApp<\/span><\/a><\/li><li class=\"share-print\"><a rel=\"nofollow noopener noreferrer\" data-shared=\"\" class=\"share-print sd-button share-icon\" href=\"https:\/\/www.brg9.at\/web\/?page_id=363\" target=\"_blank\" title=\"Klicken zum Ausdrucken\"><span>Drucken<\/span><\/a><\/li><li class=\"share-end\"><\/li><\/ul><\/div><\/div><\/div>","protected":false},"author":4,"featured_media":0,"parent":0,"menu_order":0,"comment_status":"closed","ping_status":"closed","template":"","meta":{"ngg_post_thumbnail":0,"spay_email":""},"yoast_head":"<!-- This site is optimized with the Yoast SEO plugin v16.2 - https:\/\/yoast.com\/wordpress\/plugins\/seo\/ -->\n<title>Bibliothek &raquo; BRG9, Erich Fried Realgymnasium<\/title>\n<meta name=\"robots\" content=\"index, follow, max-snippet:-1, max-image-preview:large, max-video-preview:-1\" \/>\n<link rel=\"canonical\" href=\"https:\/\/www.brg9.at\/web\/?page_id=363\" \/>\n<meta property=\"og:locale\" content=\"de_DE\" \/>\n<meta property=\"og:type\" content=\"article\" \/>\n<meta property=\"og:title\" content=\"Bibliothek &raquo; BRG9, Erich Fried Realgymnasium\" \/>\n<meta property=\"og:description\" content=\"Die Bibliothek hat viele B\u00fccher und andere Medien. Kommt vorbei und leiht sie euch aus! Oder schm\u00f6kert und reserviert online im Webopac!\" \/>\n<meta property=\"og:url\" content=\"https:\/\/www.brg9.at\/web\/?page_id=363\" \/>\n<meta property=\"og:site_name\" content=\"BRG9, Erich Fried Realgymnasium\" \/>\n<meta property=\"article:modified_time\" content=\"2025-10-16T08:58:47+00:00\" \/>\n<meta property=\"og:image\" content=\"https:\/\/www.brg9.at\/web\/wp-content\/uploads\/2016\/03\/bibliothek1-596x447.jpg\" \/>\n<meta name=\"twitter:card\" content=\"summary\" \/>\n<meta name=\"twitter:label1\" content=\"Gesch\u00e4tzte Lesezeit\">\n\t<meta name=\"twitter:data1\" content=\"3 Minuten\">\n<script type=\"application\/ld+json\" class=\"yoast-schema-graph\">{\"@context\":\"https:\/\/schema.org\",\"@graph\":[{\"@type\":\"WebSite\",\"@id\":\"https:\/\/www.brg9.at\/web\/#website\",\"url\":\"https:\/\/www.brg9.at\/web\/\",\"name\":\"BRG9, Erich Fried Realgymnasium\",\"description\":\"Die Website des BRG9 - Erich Fried Realgymnasium. Wien 9, Glasergasse 25.\",\"potentialAction\":[{\"@type\":\"SearchAction\",\"target\":\"https:\/\/www.brg9.at\/web\/?s={search_term_string}\",\"query-input\":\"required name=search_term_string\"}],\"inLanguage\":\"de-DE\"},{\"@type\":\"ImageObject\",\"@id\":\"https:\/\/www.brg9.at\/web\/?page_id=363#primaryimage\",\"inLanguage\":\"de-DE\",\"url\":\"https:\/\/www.brg9.at\/web\/wp-content\/uploads\/2016\/03\/bibliothek1.jpg\",\"contentUrl\":\"https:\/\/www.brg9.at\/web\/wp-content\/uploads\/2016\/03\/bibliothek1.jpg\",\"width\":1000,\"height\":750},{\"@type\":\"WebPage\",\"@id\":\"https:\/\/www.brg9.at\/web\/?page_id=363#webpage\",\"url\":\"https:\/\/www.brg9.at\/web\/?page_id=363\",\"name\":\"Bibliothek &raquo; BRG9, Erich Fried Realgymnasium\",\"isPartOf\":{\"@id\":\"https:\/\/www.brg9.at\/web\/#website\"},\"primaryImageOfPage\":{\"@id\":\"https:\/\/www.brg9.at\/web\/?page_id=363#primaryimage\"},\"datePublished\":\"2016-03-17T20:48:04+00:00\",\"dateModified\":\"2025-10-16T08:58:47+00:00\",\"breadcrumb\":{\"@id\":\"https:\/\/www.brg9.at\/web\/?page_id=363#breadcrumb\"},\"inLanguage\":\"de-DE\",\"potentialAction\":[{\"@type\":\"ReadAction\",\"target\":[\"https:\/\/www.brg9.at\/web\/?page_id=363\"]}]},{\"@type\":\"BreadcrumbList\",\"@id\":\"https:\/\/www.brg9.at\/web\/?page_id=363#breadcrumb\",\"itemListElement\":[{\"@type\":\"ListItem\",\"position\":1,\"item\":{\"@type\":\"WebPage\",\"@id\":\"https:\/\/www.brg9.at\/web\/\",\"url\":\"https:\/\/www.brg9.at\/web\/\",\"name\":\"Home\"}},{\"@type\":\"ListItem\",\"position\":2,\"item\":{\"@id\":\"https:\/\/www.brg9.at\/web\/?page_id=363#webpage\"}}]}]}<\/script>\n<!-- \/ Yoast SEO plugin. -->","jetpack_sharing_enabled":true,"_links":{"self":[{"href":"https:\/\/www.brg9.at\/web\/index.php?rest_route=\/wp\/v2\/pages\/363"}],"collection":[{"href":"https:\/\/www.brg9.at\/web\/index.php?rest_route=\/wp\/v2\/pages"}],"about":[{"href":"https:\/\/www.brg9.at\/web\/index.php?rest_route=\/wp\/v2\/types\/page"}],"author":[{"embeddable":true,"href":"https:\/\/www.brg9.at\/web\/index.php?rest_route=\/wp\/v2\/users\/4"}],"replies":[{"embeddable":true,"href":"https:\/\/www.brg9.at\/web\/index.php?rest_route=%2Fwp%2Fv2%2Fcomments&post=363"}],"version-history":[{"count":18,"href":"https:\/\/www.brg9.at\/web\/index.php?rest_route=\/wp\/v2\/pages\/363\/revisions"}],"predecessor-version":[{"id":16473,"href":"https:\/\/www.brg9.at\/web\/index.php?rest_route=\/wp\/v2\/pages\/363\/revisions\/16473"}],"wp:attachment":[{"href":"https:\/\/www.brg9.at\/web\/index.php?rest_route=%2Fwp%2Fv2%2Fmedia&parent=363"}],"curies":[{"name":"wp","href":"https:\/\/api.w.org\/{rel}","templated":true}]}}