{"id":440,"date":"2016-03-21T12:53:45","date_gmt":"2016-03-21T11:53:45","guid":{"rendered":"http:\/\/www.brg9.at\/web\/?page_id=440"},"modified":"2024-02-02T22:55:25","modified_gmt":"2024-02-02T21:55:25","slug":"dlp","status":"publish","type":"page","link":"https:\/\/www.brg9.at\/web\/?page_id=440","title":{"rendered":"DLP"},"content":{"rendered":"<h1>Dual Language Programme<\/h1>\n<p>Seit dem Schuljahr 2012\/2013 wird an unserer Schule eine 1. Klasse aufsteigend als Englisch-<span style=\"color: #d10062;\">Schwerpunktklasse <\/span>mit \u201e<span style=\"color: #d10062;\">Englisch als Arbeitssprache<\/span>\u201c gef\u00fchrt.<\/p>\n<p>Seit 2014\/15 tragen diese Klassen auch das DLP-Pr\u00e4dikat.<\/p>\n<p>In diesen Unterrichtseinheiten wird der jeweiligen Fachlehrkraft &#8211; abwechselnd in den verschiedensten F\u00e4chern &#8211; ein Native Speaker Teacher zur Seite gestellt, der speziell f\u00fcr die englische Sprache zust\u00e4ndig ist. Die genaue Projektplanung obliegt dem LehrerInnenteam.<\/p>\n<blockquote><p>\u201eEnglish is used in other subjects as the language of instruction in different types of schools from the first class of lower secondary. Lessons comprise an increased authentic English input through team teaching methods carried out by the subject teacher and a native speaker.\u201c (www.stadtschulrat.at\/DLP)<\/p><\/blockquote>\n<h2>An welche Sch\u00fclerInnen richtet sich DLP?<\/h2>\n<p>DLP richtet sich an jene Sch\u00fclerInnen, die schon Vorerfahrungen mit Englisch in der Volksschule gemacht haben, vor allem aber ein besonderes Interesse an der englischen Sprache haben, nicht nur den Pflichtgegenstand Englisch betreffend, sondern auch an der Verwendung der Fremdsprache in anderen Gegenst\u00e4nden. Die Sch\u00fclerInnen sollen Neugierde, Aufgeschlossenheit, soziale Kompetenzen sowie Kommunikationsbereitschaft mitbringen.<\/p>\n<h2>Was DLP nicht ist<\/h2>\n<p>DLP bedeutet nicht bilingualen (zweisprachigen) Unterricht. Englisch wird vermehrt, schwerpunktm\u00e4\u00dfig und zielorientiert in einem begrenzten Zeitrahmen eingesetzt.<\/p>\n<h2>Wie erfolgt die Aufnahme in eine DLP Klasse?<\/h2>\n<p>Die Aufnahme in eine DLP Klasse erfolgt auf Grundlage eines Aufnahmegespr\u00e4ches, das einfache Englisch-Grundkenntnisse voraussetzt.<\/p>\n<h3>Ablauf eines Aufnahmegespr\u00e4ches<\/h3>\n<ul>\n<li>Direktor + E-Lehrerin oder Native Speaker Teacher + AufnahmekandidatIn&nbsp;<\/li>\n<li>Dauer: ca. 15 Minuten, davon ca. 7 Minuten f\u00fcr den Englisch-Teil<\/li>\n<li>Warming-Up Phase: Fragen nach dem Namen, Hobbies, Familie, Schule, etc.<\/li>\n<li>Bildkarten: AufnahmekandidatIn zieht Bildkarten und spricht \u00fcber das jeweilige Bild.<\/li>\n<\/ul>\n<h2>Vorgehensweise<\/h2>\n<p>Die definitive Zusage eines Platzes in der DLP Klasse erfolgt erst, wenn die Anmeldungen f\u00fcr die 1. Klassen abgeschlossen sind.<\/p>\n<p>Leider k\u00f6nnen nur 25 Kinder in die DLP-Klasse aufgenommen werden, weshalb die Ergebnisse der Orientierungsgespr\u00e4che f\u00fcr die Reihung ausschlaggebend sein m\u00fcssen.<\/p>\n<p>Sollte Ihr Kind nicht unter die ersten f\u00fcnfundzwanzig fallen, betrachten Sie das bitte nicht als Misserfolg Ihres Kindes, sondern begr\u00fcnden Sie es in den g\u00fcnstigeren Voraussetzungen (z.B.: bilinguale Volksschule oder mehrsprachiges Elternhaus) der anderen Kinder f\u00fcr diese Klasse.<\/p>\n<p>Wir freuen uns, wenn wir Ihr Kind dann in eine der beiden anderen 1. Klassen an unserer Schule aufnehmen k\u00f6nnen, wo es selbstverst\u00e4ndlich Englischunterricht im selben Ausma\u00df an Wochenstunden erhalten wird.<\/p>\n<p>&nbsp;<\/p>\n<div class=\"sharedaddy sd-sharing-enabled\"><div class=\"robots-nocontent sd-block sd-social sd-social-icon-text sd-sharing\"><h3 class=\"sd-title\">Diesen Inhalt teilen:<\/h3><div class=\"sd-content\"><ul><li class=\"share-facebook\"><a rel=\"nofollow noopener noreferrer\" data-shared=\"sharing-facebook-440\" class=\"share-facebook sd-button share-icon\" href=\"https:\/\/www.brg9.at\/web\/?page_id=440&amp;share=facebook\" target=\"_blank\" title=\"Klick, um auf Facebook zu teilen\"><span>Facebook<\/span><\/a><\/li><li class=\"share-jetpack-whatsapp\"><a rel=\"nofollow noopener noreferrer\" data-shared=\"\" class=\"share-jetpack-whatsapp sd-button share-icon\" href=\"https:\/\/www.brg9.at\/web\/?page_id=440&amp;share=jetpack-whatsapp\" target=\"_blank\" title=\"Klicken, um auf WhatsApp zu teilen\"><span>WhatsApp<\/span><\/a><\/li><li class=\"share-print\"><a rel=\"nofollow noopener noreferrer\" data-shared=\"\" class=\"share-print sd-button share-icon\" href=\"https:\/\/www.brg9.at\/web\/?page_id=440\" target=\"_blank\" title=\"Klicken zum Ausdrucken\"><span>Drucken<\/span><\/a><\/li><li class=\"share-end\"><\/li><\/ul><\/div><\/div><\/div>","protected":false},"excerpt":{"rendered":"<p>Kurz gefasst:<\/p>\n<p>In der Unterstufe gibt es jeweils eine Englisch-Schwerpunktklasse. In diesen Klassen wird der Unterricht in verschiedensten F\u00e4chern teilweise in Englisch gehalten. Unterst\u00fctzt wird die Fachlehrkraft dabei von einem Native Speaker Teacher.<\/p>\n<div class=\"sharedaddy sd-sharing-enabled\"><div class=\"robots-nocontent sd-block sd-social sd-social-icon-text sd-sharing\"><h3 class=\"sd-title\">Diesen Inhalt teilen:<\/h3><div class=\"sd-content\"><ul><li class=\"share-facebook\"><a rel=\"nofollow noopener noreferrer\" data-shared=\"sharing-facebook-440\" class=\"share-facebook sd-button share-icon\" href=\"https:\/\/www.brg9.at\/web\/?page_id=440&amp;share=facebook\" target=\"_blank\" title=\"Klick, um auf Facebook zu teilen\"><span>Facebook<\/span><\/a><\/li><li class=\"share-jetpack-whatsapp\"><a rel=\"nofollow noopener noreferrer\" data-shared=\"\" class=\"share-jetpack-whatsapp sd-button share-icon\" href=\"https:\/\/www.brg9.at\/web\/?page_id=440&amp;share=jetpack-whatsapp\" target=\"_blank\" title=\"Klicken, um auf WhatsApp zu teilen\"><span>WhatsApp<\/span><\/a><\/li><li class=\"share-print\"><a rel=\"nofollow noopener noreferrer\" data-shared=\"\" class=\"share-print sd-button share-icon\" href=\"https:\/\/www.brg9.at\/web\/?page_id=440\" target=\"_blank\" title=\"Klicken zum Ausdrucken\"><span>Drucken<\/span><\/a><\/li><li class=\"share-end\"><\/li><\/ul><\/div><\/div><\/div>","protected":false},"author":4,"featured_media":0,"parent":0,"menu_order":0,"comment_status":"closed","ping_status":"closed","template":"","meta":{"ngg_post_thumbnail":0,"spay_email":""},"yoast_head":"<!-- This site is optimized with the Yoast SEO plugin v16.2 - https:\/\/yoast.com\/wordpress\/plugins\/seo\/ -->\n<title>DLP &raquo; BRG9, Erich Fried Realgymnasium<\/title>\n<meta name=\"robots\" content=\"index, follow, max-snippet:-1, max-image-preview:large, max-video-preview:-1\" \/>\n<link rel=\"canonical\" href=\"https:\/\/www.brg9.at\/web\/?page_id=440\" \/>\n<meta property=\"og:locale\" content=\"de_DE\" \/>\n<meta property=\"og:type\" content=\"article\" \/>\n<meta property=\"og:title\" content=\"DLP &raquo; BRG9, Erich Fried Realgymnasium\" \/>\n<meta property=\"og:description\" content=\"Kurz gefasst:  In der Unterstufe gibt es jeweils eine Englisch-Schwerpunktklasse. In diesen Klassen wird der Unterricht in verschiedensten F\u00e4chern teilweise in Englisch gehalten. Unterst\u00fctzt wird die Fachlehrkraft dabei von einem Native Speaker Teacher.\" \/>\n<meta property=\"og:url\" content=\"https:\/\/www.brg9.at\/web\/?page_id=440\" \/>\n<meta property=\"og:site_name\" content=\"BRG9, Erich Fried Realgymnasium\" \/>\n<meta property=\"article:modified_time\" content=\"2024-02-02T21:55:25+00:00\" \/>\n<meta property=\"og:image\" content=\"https:\/\/www.brg9.at\/web\/wp-content\/uploads\/2016\/02\/brg9_solo_rgb_share.jpg\" \/>\n\t<meta property=\"og:image:width\" content=\"800\" \/>\n\t<meta property=\"og:image:height\" content=\"600\" \/>\n<meta name=\"twitter:card\" content=\"summary\" \/>\n<meta name=\"twitter:label1\" content=\"Gesch\u00e4tzte Lesezeit\">\n\t<meta name=\"twitter:data1\" content=\"2 Minuten\">\n<script type=\"application\/ld+json\" class=\"yoast-schema-graph\">{\"@context\":\"https:\/\/schema.org\",\"@graph\":[{\"@type\":\"WebSite\",\"@id\":\"https:\/\/www.brg9.at\/web\/#website\",\"url\":\"https:\/\/www.brg9.at\/web\/\",\"name\":\"BRG9, Erich Fried Realgymnasium\",\"description\":\"Die Website des BRG9 - Erich Fried Realgymnasium. Wien 9, Glasergasse 25.\",\"potentialAction\":[{\"@type\":\"SearchAction\",\"target\":\"https:\/\/www.brg9.at\/web\/?s={search_term_string}\",\"query-input\":\"required name=search_term_string\"}],\"inLanguage\":\"de-DE\"},{\"@type\":\"WebPage\",\"@id\":\"https:\/\/www.brg9.at\/web\/?page_id=440#webpage\",\"url\":\"https:\/\/www.brg9.at\/web\/?page_id=440\",\"name\":\"DLP &raquo; BRG9, Erich Fried Realgymnasium\",\"isPartOf\":{\"@id\":\"https:\/\/www.brg9.at\/web\/#website\"},\"datePublished\":\"2016-03-21T11:53:45+00:00\",\"dateModified\":\"2024-02-02T21:55:25+00:00\",\"breadcrumb\":{\"@id\":\"https:\/\/www.brg9.at\/web\/?page_id=440#breadcrumb\"},\"inLanguage\":\"de-DE\",\"potentialAction\":[{\"@type\":\"ReadAction\",\"target\":[\"https:\/\/www.brg9.at\/web\/?page_id=440\"]}]},{\"@type\":\"BreadcrumbList\",\"@id\":\"https:\/\/www.brg9.at\/web\/?page_id=440#breadcrumb\",\"itemListElement\":[{\"@type\":\"ListItem\",\"position\":1,\"item\":{\"@type\":\"WebPage\",\"@id\":\"https:\/\/www.brg9.at\/web\/\",\"url\":\"https:\/\/www.brg9.at\/web\/\",\"name\":\"Home\"}},{\"@type\":\"ListItem\",\"position\":2,\"item\":{\"@id\":\"https:\/\/www.brg9.at\/web\/?page_id=440#webpage\"}}]}]}<\/script>\n<!-- \/ Yoast SEO plugin. -->","jetpack_sharing_enabled":true,"_links":{"self":[{"href":"https:\/\/www.brg9.at\/web\/index.php?rest_route=\/wp\/v2\/pages\/440"}],"collection":[{"href":"https:\/\/www.brg9.at\/web\/index.php?rest_route=\/wp\/v2\/pages"}],"about":[{"href":"https:\/\/www.brg9.at\/web\/index.php?rest_route=\/wp\/v2\/types\/page"}],"author":[{"embeddable":true,"href":"https:\/\/www.brg9.at\/web\/index.php?rest_route=\/wp\/v2\/users\/4"}],"replies":[{"embeddable":true,"href":"https:\/\/www.brg9.at\/web\/index.php?rest_route=%2Fwp%2Fv2%2Fcomments&post=440"}],"version-history":[{"count":12,"href":"https:\/\/www.brg9.at\/web\/index.php?rest_route=\/wp\/v2\/pages\/440\/revisions"}],"predecessor-version":[{"id":13081,"href":"https:\/\/www.brg9.at\/web\/index.php?rest_route=\/wp\/v2\/pages\/440\/revisions\/13081"}],"wp:attachment":[{"href":"https:\/\/www.brg9.at\/web\/index.php?rest_route=%2Fwp%2Fv2%2Fmedia&parent=440"}],"curies":[{"name":"wp","href":"https:\/\/api.w.org\/{rel}","templated":true}]}}