{"id":64,"date":"2016-02-11T13:20:06","date_gmt":"2016-02-11T12:20:06","guid":{"rendered":"http:\/\/www.brg9.at\/~wordpress\/?page_id=64"},"modified":"2016-03-07T15:56:18","modified_gmt":"2016-03-07T14:56:18","slug":"termine","status":"publish","type":"page","link":"https:\/\/www.brg9.at\/web\/?page_id=64","title":{"rendered":"Termine"},"content":{"rendered":"<p>Alle Termine k\u00f6nnen auch <a href=\"https:\/\/calendar.google.com\/calendar\/embed?src=webmaster%40brg9.at&amp;ctz=Europe\/Vienna\" target=\"_blank\">im Google Kalender<\/a> oder <a href=\"https:\/\/calendar.google.com\/calendar\/ical\/webmaster%40brg9.at\/public\/basic.ics\" target=\"_blank\">im <abbr title=\"Das iCalendar-Format wird von der Mehrzahl der Kalender-Programme akzeptiert, die webbasierte Kalenderdaten einbinden (abonnieren) k\u00f6nnen, u.a. Google Kalender \/ Android Kalender, Microsoft Outlook, Blackberry Kalender Apps und alle OS\/iOS-Kalender Applikationen. Deshalb werden iCalender-basierte Kalender h\u00e4ufig eingesetzt, um Spielpl\u00e4ne von Sport- und Musikveranstaltungen zu ver\u00f6ffentlichen.\">.ical<\/abbr> Format<\/a> ge\u00f6ffnet werden.<\/p>\n<hr \/>\n<div class=\"simcal-calendar simcal-default-calendar simcal-default-calendar-grid simcal-default-calendar-light\" data-calendar-id=\"66\" data-timezone=\"Europe\/Vienna\" data-offset=\"7200\" data-week-start=\"1\" data-calendar-start=\"1777327200\" data-calendar-end=\"1788731941\" data-events-first=\"1775512859\" data-events-last=\"1788731941\">\n\t\t\t\n\t\t\t<table class=\"simcal-calendar-grid\"\n\t\t\t       data-event-bubble-trigger=\"hover\">\n\t\t\t\t<thead class=\"simcal-calendar-head\">\n\t\t\t\t\t<tr>\n\t\t\t\t\t\t\t\t\t\t\t\t\t<th class=\"simcal-nav simcal-prev-wrapper\" colspan=\"1\">\n\t\t\t\t\t\t\t\t<button class=\"simcal-nav-button simcal-month-nav simcal-prev\" title=\"Vorheriger Monat\"><i class=\"simcal-icon-left\"><\/i><\/button>\n\t\t\t\t\t\t\t<\/th>\n\t\t\t\t\t\t\t\t\t\t\t\t<th colspan=\"5\"\n\t\t\t\t\t\t    class=\"simcal-nav simcal-current\"\n\t\t\t\t\t\t    data-calendar-current=\"1777327200\">\n\t\t\t\t\t\t\t<h3> <span class=\"simcal-current-month\">April<\/span>  <span class=\"simcal-current-year\">2026<\/span> <\/h3>\t\t\t\t\t\t<\/th>\n\t\t\t\t\t\t\t\t\t\t\t\t\t<th class=\"simcal-nav simcal-next-wrapper\" colspan=\"1\">\n\t\t\t\t\t\t\t\t<button class=\"simcal-nav-button simcal-month-nav simcal-next\" title=\"N\u00e4chster Monat\"><i class=\"simcal-icon-right\"><\/i><\/button>\n\t\t\t\t\t\t\t<\/th>\n\t\t\t\t\t\t\t\t\t\t\t<\/tr>\n\t\t\t\t\t<tr>\n\t\t\t\t\t\t\t\t\t\t\t\t\t<th class=\"simcal-week-day simcal-week-day-1\"\n\t\t\t\t\t\t\t\tdata-screen-small=\"M\"\n\t\t\t\t\t\t\t    data-screen-medium=\"Mo\"\n\t\t\t\t\t\t\t    data-screen-large=\"Montag\">Mo<\/th>\n\t\t\t\t\t\t\t\t\t\t\t\t\t\t<th class=\"simcal-week-day simcal-week-day-2\"\n\t\t\t\t\t\t\t\tdata-screen-small=\"D\"\n\t\t\t\t\t\t\t    data-screen-medium=\"Di\"\n\t\t\t\t\t\t\t    data-screen-large=\"Dienstag\">Di<\/th>\n\t\t\t\t\t\t\t\t\t\t\t\t\t\t<th class=\"simcal-week-day simcal-week-day-3\"\n\t\t\t\t\t\t\t\tdata-screen-small=\"M\"\n\t\t\t\t\t\t\t    data-screen-medium=\"Mi\"\n\t\t\t\t\t\t\t    data-screen-large=\"Mittwoch\">Mi<\/th>\n\t\t\t\t\t\t\t\t\t\t\t\t\t\t<th class=\"simcal-week-day simcal-week-day-4\"\n\t\t\t\t\t\t\t\tdata-screen-small=\"D\"\n\t\t\t\t\t\t\t    data-screen-medium=\"Do\"\n\t\t\t\t\t\t\t    data-screen-large=\"Donnerstag\">Do<\/th>\n\t\t\t\t\t\t\t\t\t\t\t\t\t\t<th class=\"simcal-week-day simcal-week-day-5\"\n\t\t\t\t\t\t\t\tdata-screen-small=\"F\"\n\t\t\t\t\t\t\t    data-screen-medium=\"Fr\"\n\t\t\t\t\t\t\t    data-screen-large=\"Freitag\">Fr<\/th>\n\t\t\t\t\t\t\t\t\t\t\t\t\t\t<th class=\"simcal-week-day simcal-week-day-6\"\n\t\t\t\t\t\t\t\tdata-screen-small=\"S\"\n\t\t\t\t\t\t\t    data-screen-medium=\"Sa\"\n\t\t\t\t\t\t\t    data-screen-large=\"Samstag\">Sa<\/th>\n\t\t\t\t\t\t\t\t\t\t\t\t\t\t\t<th class=\"simcal-week-day simcal-week-day-0\"\n\t\t\t\t\t\t\t\t    data-screen-small=\"S\"\n\t\t\t\t\t\t\t\t    data-screen-medium=\"So\"\n\t\t\t\t\t\t\t\t    data-screen-large=\"Sonntag\">So<\/th>\n\t\t\t\t\t\t\t\t\t\t\t\t\t<\/tr>\n\t\t\t\t<\/thead>\n\n\t\t\t\t<tbody class=\"simcal-month simcal-month-4\">\n\t<tr class=\"simcal-week simcal-week-14\"><td class=\"simcal-day simcal-day-void \"><\/td>\n<td class=\"simcal-day simcal-day-void simcal-day-void-last\"><\/td>\n<td class=\"simcal-day-1 simcal-weekday-3 simcal-past simcal-day\" data-events-count=\"0\">\n\t<div>\n\t\t<span class=\"simcal-day-label simcal-day-number\">1<\/span>\n\t\t<span class=\"simcal-no-events\"><\/span>\n\t\t<span class=\"simcal-events-dots\" style=\"display: none;\"><\/span>\n\t<\/div>\n<\/td>\n<td class=\"simcal-day-2 simcal-weekday-4 simcal-past simcal-day\" data-events-count=\"0\">\n\t<div>\n\t\t<span class=\"simcal-day-label simcal-day-number\">2<\/span>\n\t\t<span class=\"simcal-no-events\"><\/span>\n\t\t<span class=\"simcal-events-dots\" style=\"display: none;\"><\/span>\n\t<\/div>\n<\/td>\n<td class=\"simcal-day-3 simcal-weekday-5 simcal-past simcal-day\" data-events-count=\"0\">\n\t<div>\n\t\t<span class=\"simcal-day-label simcal-day-number\">3<\/span>\n\t\t<span class=\"simcal-no-events\"><\/span>\n\t\t<span class=\"simcal-events-dots\" style=\"display: none;\"><\/span>\n\t<\/div>\n<\/td>\n<td class=\"simcal-day-4 simcal-weekday-6 simcal-past simcal-day\" data-events-count=\"0\">\n\t<div>\n\t\t<span class=\"simcal-day-label simcal-day-number\">4<\/span>\n\t\t<span class=\"simcal-no-events\"><\/span>\n\t\t<span class=\"simcal-events-dots\" style=\"display: none;\"><\/span>\n\t<\/div>\n<\/td>\n<td class=\"simcal-day-5 simcal-weekday-0 simcal-past simcal-day\" data-events-count=\"0\">\n\t<div>\n\t\t<span class=\"simcal-day-label simcal-day-number\">5<\/span>\n\t\t<span class=\"simcal-no-events\"><\/span>\n\t\t<span class=\"simcal-events-dots\" style=\"display: none;\"><\/span>\n\t<\/div>\n<\/td>\n<\/tr><tr class=\"simcal-week simcal-week-14\">\n<td class=\"simcal-day-6 simcal-weekday-1 simcal-past simcal-day\" data-events-count=\"0\">\n\t<div>\n\t\t<span class=\"simcal-day-label simcal-day-number\">6<\/span>\n\t\t<span class=\"simcal-no-events\"><\/span>\n\t\t<span class=\"simcal-events-dots\" style=\"display: none;\"><\/span>\n\t<\/div>\n<\/td>\n<td class=\"simcal-day-7 simcal-weekday-2 simcal-past simcal-day simcal-day-has-events simcal-day-has-4-events simcal-events-calendar-187 simcal-events-calendar-189\" data-events-count=\"4\">\n\t<div>\n\t\t<span class=\"simcal-day-label simcal-day-number\" style=\"background-color: #e3e228; color: #000000\">7<\/span>\n\t\t<ul class=\"simcal-events\">\t<li class=\"simcal-event simcal-events-calendar-187 simcal-tooltip\" itemscope itemtype=\"http:\/\/schema.org\/Event\">\n\t\t<span class=\"simcal-event-title\">Erster Schultag nach Ostern<\/span>\n\t\t<div class=\"simcal-event-details simcal-tooltip-content\" style=\"display: none;\"><p><strong><span class=\"simcal-event-title\" itemprop=\"name\">Erster Schultag nach Ostern<\/span><\/strong><\/p>\n<p><span class=\"simcal-event-start simcal-event-start-date\" data-event-start=\"1775512859\" data-event-format=\"j. F Y\" itemprop=\"startDate\" content=\"2026-04-07T00:00:59+02:00\">7. April 2026<\/span><br \/>\n <span class=\"simcal-event-address simcal-event-start-location\" itemprop=\"location\" itemscope itemtype=\"http:\/\/schema.org\/Place\"><meta itemprop=\"name\" content=\"Erster Schultag nach Ostern\" \/><meta itemprop=\"address\" content=\"Erster Schultag nach Ostern\" \/><\/span><br \/>\n <a href=\"https:\/\/www.google.com\/calendar\/event?eid=NWo4bHB2MW8zZzdtbjJob2t0ZHYzdGY0OTUgd2VibWFzdGVyQGJyZzkuYXQ&#038;ctz=Europe\/Vienna\" target=\"_blank\" >Im Google Kalender anzeigen<\/a><\/p><\/div>\n\t<\/li>\n\t<li class=\"simcal-event simcal-events-calendar-189 simcal-tooltip\" itemscope itemtype=\"http:\/\/schema.org\/Event\">\n\t\t<span class=\"simcal-event-title\">8AB: KHM: Ovids Metamorphosen und Stadtspaziergang (1.- 6. S&hellip;<\/span>\n\t\t<div class=\"simcal-event-details simcal-tooltip-content\" style=\"display: none;\"><p><strong><span class=\"simcal-event-title\" itemprop=\"name\">8AB: KHM: Ovids Metamorphosen und Stadtspaziergang (1.- 6. Stunde)<\/span><\/strong><\/p>\n<p><span class=\"simcal-event-start simcal-event-start-date\" data-event-start=\"1775512859\" data-event-format=\"j. F Y\" itemprop=\"startDate\" content=\"2026-04-07T00:00:59+02:00\">7. April 2026<\/span><br \/>\n <span class=\"simcal-event-address simcal-event-start-location\" itemprop=\"location\" itemscope itemtype=\"http:\/\/schema.org\/Place\"><meta itemprop=\"name\" content=\"8AB: KHM: Ovids Metamorphosen und Stadtspaziergang (1.- 6. Stunde)\" \/><meta itemprop=\"address\" content=\"8AB: KHM: Ovids Metamorphosen und Stadtspaziergang (1.- 6. Stunde)\" \/><\/span><\/p>\n<div><\/div>\n<p> <a href=\"https:\/\/www.google.com\/calendar\/event?eid=MWZsZnNnYTdrMWJsMzRnbXQyMmo1MmwwcHEgYjZ0NmF0M2JwYTNpNW5mYXRmbzBxZm1nbTBAZw&#038;ctz=Europe\/Vienna\" target=\"_blank\" >Im Google Kalender anzeigen<\/a><\/p><\/div>\n\t<\/li>\n\t<li class=\"simcal-event simcal-events-calendar-189 simcal-tooltip\" itemscope itemtype=\"http:\/\/schema.org\/Event\">\n\t\t<span class=\"simcal-event-title\">2A: Was die Sonne alles kann - Mitmach-Solarf\u00fchrung (Seestad&hellip;<\/span>\n\t\t<div class=\"simcal-event-details simcal-tooltip-content\" style=\"display: none;\"><p><strong><span class=\"simcal-event-title\" itemprop=\"name\">2A: Was die Sonne alles kann - Mitmach-Solarf\u00fchrung (Seestadt Aspern) (2.-6. Stunde)<\/span><\/strong><\/p>\n<p><span class=\"simcal-event-start simcal-event-start-date\" data-event-start=\"1775512859\" data-event-format=\"j. F Y\" itemprop=\"startDate\" content=\"2026-04-07T00:00:59+02:00\">7. April 2026<\/span><br \/>\n <span class=\"simcal-event-address simcal-event-start-location\" itemprop=\"location\" itemscope itemtype=\"http:\/\/schema.org\/Place\"><meta itemprop=\"name\" content=\"2A: Was die Sonne alles kann - Mitmach-Solarf\u00fchrung (Seestadt Aspern) (2.-6. Stunde)\" \/><meta itemprop=\"address\" content=\"2A: Was die Sonne alles kann - Mitmach-Solarf\u00fchrung (Seestadt Aspern) (2.-6. Stunde)\" \/><\/span><\/p>\n<div><\/div>\n<p> <a href=\"https:\/\/www.google.com\/calendar\/event?eid=MmticnJsZzlkY3JzZHRtdnMyNWlzcG1oMXIgYjZ0NmF0M2JwYTNpNW5mYXRmbzBxZm1nbTBAZw&#038;ctz=Europe\/Vienna\" target=\"_blank\" >Im Google Kalender anzeigen<\/a><\/p><\/div>\n\t<\/li>\n\t<li class=\"simcal-event simcal-events-calendar-189 simcal-tooltip\" itemscope itemtype=\"http:\/\/schema.org\/Event\">\n\t\t<span class=\"simcal-event-title\">7AC (Ethik-Gruppe): Workshop Ourstory im Raum der 7A (2.-4. &hellip;<\/span>\n\t\t<div class=\"simcal-event-details simcal-tooltip-content\" style=\"display: none;\"><p><strong><span class=\"simcal-event-title\" itemprop=\"name\">7AC (Ethik-Gruppe): Workshop Ourstory im Raum der 7A (2.-4. Stunde)<\/span><\/strong><\/p>\n<p><span class=\"simcal-event-start simcal-event-start-date\" data-event-start=\"1775512859\" data-event-format=\"j. F Y\" itemprop=\"startDate\" content=\"2026-04-07T00:00:59+02:00\">7. April 2026<\/span><br \/>\n <span class=\"simcal-event-address simcal-event-start-location\" itemprop=\"location\" itemscope itemtype=\"http:\/\/schema.org\/Place\"><meta itemprop=\"name\" content=\"7AC (Ethik-Gruppe): Workshop Ourstory im Raum der 7A (2.-4. Stunde)\" \/><meta itemprop=\"address\" content=\"7AC (Ethik-Gruppe): Workshop Ourstory im Raum der 7A (2.-4. Stunde)\" \/><\/span><\/p>\n<div><\/div>\n<p> <a href=\"https:\/\/www.google.com\/calendar\/event?eid=NzY4aTMwYjdzdWxzOWQ2amR0NWYya2pxMG8gYjZ0NmF0M2JwYTNpNW5mYXRmbzBxZm1nbTBAZw&#038;ctz=Europe\/Vienna\" target=\"_blank\" >Im Google Kalender anzeigen<\/a><\/p><\/div>\n\t<\/li>\n<\/ul>\n\n\t\t<span class=\"simcal-events-dots\" style=\"display: none;\"><b style=\"color: #000;\"> &bull; <\/b><b style=\"color: #000;\"> &bull; <\/b><b style=\"color: #000;\"> &bull; <\/b><b style=\"color: #000;\"> &bull; <\/b><\/span>\n\t<\/div>\n<\/td>\n<td class=\"simcal-day-8 simcal-weekday-3 simcal-past simcal-day simcal-day-has-events simcal-day-has-2-events simcal-events-calendar-189\" data-events-count=\"2\">\n\t<div>\n\t\t<span class=\"simcal-day-label simcal-day-number\" style=\"background-color: #e3e228; color: #000000\">8<\/span>\n\t\t<ul class=\"simcal-events\">\t<li class=\"simcal-event simcal-events-calendar-189 simcal-tooltip\" itemscope itemtype=\"http:\/\/schema.org\/Event\">\n\t\t<span class=\"simcal-event-title\">8AB: \u00d6H-Vortrag f\u00fcr Maturant*innen (2.-3. Stunde)<\/span>\n\t\t<div class=\"simcal-event-details simcal-tooltip-content\" style=\"display: none;\"><p><strong><span class=\"simcal-event-title\" itemprop=\"name\">8AB: \u00d6H-Vortrag f\u00fcr Maturant*innen (2.-3. Stunde)<\/span><\/strong><\/p>\n<p><span class=\"simcal-event-start simcal-event-start-date\" data-event-start=\"1775599259\" data-event-format=\"j. F Y\" itemprop=\"startDate\" content=\"2026-04-08T00:00:59+02:00\">8. April 2026<\/span><br \/>\n <span class=\"simcal-event-address simcal-event-start-location\" itemprop=\"location\" itemscope itemtype=\"http:\/\/schema.org\/Place\"><meta itemprop=\"name\" content=\"8AB: \u00d6H-Vortrag f\u00fcr Maturant*innen (2.-3. Stunde)\" \/><meta itemprop=\"address\" content=\"8AB: \u00d6H-Vortrag f\u00fcr Maturant*innen (2.-3. Stunde)\" \/><\/span><\/p>\n<div><\/div>\n<p> <a href=\"https:\/\/www.google.com\/calendar\/event?eid=MGd1Zm9icjNhNTZuN2R1cm4xdTdyNzNpMWcgYjZ0NmF0M2JwYTNpNW5mYXRmbzBxZm1nbTBAZw&#038;ctz=Europe\/Vienna\" target=\"_blank\" >Im Google Kalender anzeigen<\/a><\/p><\/div>\n\t<\/li>\n\t<li class=\"simcal-event simcal-events-calendar-189 simcal-tooltip\" itemscope itemtype=\"http:\/\/schema.org\/Event\">\n\t\t<span class=\"simcal-event-title\">6B: Islamisches Zentrum (3.-5. Stunde)<\/span>\n\t\t<div class=\"simcal-event-details simcal-tooltip-content\" style=\"display: none;\"><p><strong><span class=\"simcal-event-title\" itemprop=\"name\">6B: Islamisches Zentrum (3.-5. Stunde)<\/span><\/strong><\/p>\n<p><span class=\"simcal-event-start simcal-event-start-date\" data-event-start=\"1775599259\" data-event-format=\"j. F Y\" itemprop=\"startDate\" content=\"2026-04-08T00:00:59+02:00\">8. April 2026<\/span><br \/>\n <span class=\"simcal-event-address simcal-event-start-location\" itemprop=\"location\" itemscope itemtype=\"http:\/\/schema.org\/Place\"><meta itemprop=\"name\" content=\"6B: Islamisches Zentrum (3.-5. Stunde)\" \/><meta itemprop=\"address\" content=\"6B: Islamisches Zentrum (3.-5. Stunde)\" \/><\/span><\/p>\n<div><\/div>\n<p> <a href=\"https:\/\/www.google.com\/calendar\/event?eid=NGNqcWFjcXZtaWppOXRjYnRkZGJob3ExbmsgYjZ0NmF0M2JwYTNpNW5mYXRmbzBxZm1nbTBAZw&#038;ctz=Europe\/Vienna\" target=\"_blank\" >Im Google Kalender anzeigen<\/a><\/p><\/div>\n\t<\/li>\n<\/ul>\n\n\t\t<span class=\"simcal-events-dots\" style=\"display: none;\"><b style=\"color: #000;\"> &bull; <\/b><b style=\"color: #000;\"> &bull; <\/b><\/span>\n\t<\/div>\n<\/td>\n<td class=\"simcal-day-9 simcal-weekday-4 simcal-past simcal-day simcal-day-has-events simcal-day-has-2-events simcal-events-calendar-189\" data-events-count=\"2\">\n\t<div>\n\t\t<span class=\"simcal-day-label simcal-day-number\" style=\"background-color: #e3e228; color: #000000\">9<\/span>\n\t\t<ul class=\"simcal-events\">\t<li class=\"simcal-event simcal-events-calendar-189 simcal-tooltip\" itemscope itemtype=\"http:\/\/schema.org\/Event\">\n\t\t<span class=\"simcal-event-title\">2A: 2-t\u00e4giger Workshop von Buddy4you (1.-7. Stunde)<\/span>\n\t\t<div class=\"simcal-event-details simcal-tooltip-content\" style=\"display: none;\"><p><strong><span class=\"simcal-event-title\" itemprop=\"name\">2A: 2-t\u00e4giger Workshop von Buddy4you (1.-7. Stunde)<\/span><\/strong><\/p>\n<p><span class=\"simcal-event-start simcal-event-start-date\" data-event-start=\"1775685659\" data-event-format=\"j. F Y\" itemprop=\"startDate\" content=\"2026-04-09T00:00:59+02:00\">9. April 2026<\/span><br \/>\n <span class=\"simcal-event-address simcal-event-start-location\" itemprop=\"location\" itemscope itemtype=\"http:\/\/schema.org\/Place\"><meta itemprop=\"name\" content=\"2A: 2-t\u00e4giger Workshop von Buddy4you (1.-7. Stunde)\" \/><meta itemprop=\"address\" content=\"2A: 2-t\u00e4giger Workshop von Buddy4you (1.-7. Stunde)\" \/><\/span><\/p>\n<div><\/div>\n<p> <a href=\"https:\/\/www.google.com\/calendar\/event?eid=M2hpZmVxcHJ0dWVwcG0wb2ozbHBvMzJxcjEgYjZ0NmF0M2JwYTNpNW5mYXRmbzBxZm1nbTBAZw&#038;ctz=Europe\/Vienna\" target=\"_blank\" >Im Google Kalender anzeigen<\/a><\/p><\/div>\n\t<\/li>\n\t<li class=\"simcal-event simcal-events-calendar-189 simcal-tooltip\" itemscope itemtype=\"http:\/\/schema.org\/Event\">\n\t\t<span class=\"simcal-event-title\">4A: First Love Workshop am Brg9 (3.-5. Stunde)<\/span>\n\t\t<div class=\"simcal-event-details simcal-tooltip-content\" style=\"display: none;\"><p><strong><span class=\"simcal-event-title\" itemprop=\"name\">4A: First Love Workshop am Brg9 (3.-5. Stunde)<\/span><\/strong><\/p>\n<p><span class=\"simcal-event-start simcal-event-start-date\" data-event-start=\"1775685659\" data-event-format=\"j. F Y\" itemprop=\"startDate\" content=\"2026-04-09T00:00:59+02:00\">9. April 2026<\/span><br \/>\n <span class=\"simcal-event-address simcal-event-start-location\" itemprop=\"location\" itemscope itemtype=\"http:\/\/schema.org\/Place\"><meta itemprop=\"name\" content=\"4A: First Love Workshop am Brg9 (3.-5. Stunde)\" \/><meta itemprop=\"address\" content=\"4A: First Love Workshop am Brg9 (3.-5. Stunde)\" \/><\/span><\/p>\n<div><\/div>\n<p> <a href=\"https:\/\/www.google.com\/calendar\/event?eid=NXZnbWRuc2RmbnRxYTdwcWFpZ2w1OGdsaXAgYjZ0NmF0M2JwYTNpNW5mYXRmbzBxZm1nbTBAZw&#038;ctz=Europe\/Vienna\" target=\"_blank\" >Im Google Kalender anzeigen<\/a><\/p><\/div>\n\t<\/li>\n<\/ul>\n\n\t\t<span class=\"simcal-events-dots\" style=\"display: none;\"><b style=\"color: #000;\"> &bull; <\/b><b style=\"color: #000;\"> &bull; <\/b><\/span>\n\t<\/div>\n<\/td>\n<td class=\"simcal-day-10 simcal-weekday-5 simcal-past simcal-day simcal-day-has-events simcal-day-has-1-events simcal-events-calendar-189\" data-events-count=\"1\">\n\t<div>\n\t\t<span class=\"simcal-day-label simcal-day-number\" style=\"background-color: #e3e228; color: #000000\">10<\/span>\n\t\t<ul class=\"simcal-events\">\t<li class=\"simcal-event simcal-events-calendar-189 simcal-tooltip\" itemscope itemtype=\"http:\/\/schema.org\/Event\">\n\t\t<span class=\"simcal-event-title\">2A: 2-t\u00e4giger Workshop von Buddy4you (1.-7. Stunde)<\/span>\n\t\t<div class=\"simcal-event-details simcal-tooltip-content\" style=\"display: none;\"><p><strong><span class=\"simcal-event-title\" itemprop=\"name\">2A: 2-t\u00e4giger Workshop von Buddy4you (1.-7. Stunde)<\/span><\/strong><\/p>\n<p><span class=\"simcal-event-start simcal-event-start-date\" data-event-start=\"1775772059\" data-event-format=\"j. F Y\" itemprop=\"startDate\" content=\"2026-04-10T00:00:59+02:00\">10. April 2026<\/span><br \/>\n <span class=\"simcal-event-address simcal-event-start-location\" itemprop=\"location\" itemscope itemtype=\"http:\/\/schema.org\/Place\"><meta itemprop=\"name\" content=\"2A: 2-t\u00e4giger Workshop von Buddy4you (1.-7. Stunde)\" \/><meta itemprop=\"address\" content=\"2A: 2-t\u00e4giger Workshop von Buddy4you (1.-7. Stunde)\" \/><\/span><\/p>\n<div><\/div>\n<p> <a href=\"https:\/\/www.google.com\/calendar\/event?eid=NXMxbWRrMDE1NnR2aWNsaHE0cjBpZTk5ZGwgYjZ0NmF0M2JwYTNpNW5mYXRmbzBxZm1nbTBAZw&#038;ctz=Europe\/Vienna\" target=\"_blank\" >Im Google Kalender anzeigen<\/a><\/p><\/div>\n\t<\/li>\n<\/ul>\n\n\t\t<span class=\"simcal-events-dots\" style=\"display: none;\"><b style=\"color: #000;\"> &bull; <\/b><\/span>\n\t<\/div>\n<\/td>\n<td class=\"simcal-day-11 simcal-weekday-6 simcal-past simcal-day\" data-events-count=\"0\">\n\t<div>\n\t\t<span class=\"simcal-day-label simcal-day-number\">11<\/span>\n\t\t<span class=\"simcal-no-events\"><\/span>\n\t\t<span class=\"simcal-events-dots\" style=\"display: none;\"><\/span>\n\t<\/div>\n<\/td>\n<td class=\"simcal-day-12 simcal-weekday-0 simcal-past simcal-day\" data-events-count=\"0\">\n\t<div>\n\t\t<span class=\"simcal-day-label simcal-day-number\">12<\/span>\n\t\t<span class=\"simcal-no-events\"><\/span>\n\t\t<span class=\"simcal-events-dots\" style=\"display: none;\"><\/span>\n\t<\/div>\n<\/td>\n<\/tr><tr class=\"simcal-week simcal-week-15\">\n<td class=\"simcal-day-13 simcal-weekday-1 simcal-past simcal-day simcal-day-has-events simcal-day-has-2-events simcal-events-calendar-187 simcal-events-calendar-189\" data-events-count=\"2\">\n\t<div>\n\t\t<span class=\"simcal-day-label simcal-day-number\" style=\"background-color: #e3e228; color: #000000\">13<\/span>\n\t\t<ul class=\"simcal-events\">\t<li class=\"simcal-event simcal-events-calendar-187 simcal-tooltip\" itemscope itemtype=\"http:\/\/schema.org\/Event\">\n\t\t<span class=\"simcal-event-title\">SGA-Sitzung 14:30 Uhr<\/span>\n\t\t<div class=\"simcal-event-details simcal-tooltip-content\" style=\"display: none;\"><p><strong><span class=\"simcal-event-title\" itemprop=\"name\">SGA-Sitzung 14:30 Uhr<\/span><\/strong><\/p>\n<p><span class=\"simcal-event-start simcal-event-start-date\" data-event-start=\"1776031259\" data-event-format=\"j. F Y\" itemprop=\"startDate\" content=\"2026-04-13T00:00:59+02:00\">13. April 2026<\/span><br \/>\n <span class=\"simcal-event-address simcal-event-start-location\" itemprop=\"location\" itemscope itemtype=\"http:\/\/schema.org\/Place\"><meta itemprop=\"name\" content=\"SGA-Sitzung 14:30 Uhr\" \/><meta itemprop=\"address\" content=\"SGA-Sitzung 14:30 Uhr\" \/><\/span><br \/>\n <a href=\"https:\/\/www.google.com\/calendar\/event?eid=Mm9zNzVucW5ncnIyYTlqbnY1Zm5kY2c3bGQgd2VibWFzdGVyQGJyZzkuYXQ&#038;ctz=Europe\/Vienna\" target=\"_blank\" >Im Google Kalender anzeigen<\/a><\/p><\/div>\n\t<\/li>\n\t<li class=\"simcal-event simcal-events-calendar-189 simcal-tooltip\" itemscope itemtype=\"http:\/\/schema.org\/Event\">\n\t\t<span class=\"simcal-event-title\">1B: Dschungel Wien Theaterst\u00fcck &quot;ARGH&quot;;D: M\u00e4rchen &hellip;<\/span>\n\t\t<div class=\"simcal-event-details simcal-tooltip-content\" style=\"display: none;\"><p><strong><span class=\"simcal-event-title\" itemprop=\"name\">1B: Dschungel Wien Theaterst\u00fcck &quot;ARGH&quot;;D: M\u00e4rchen (2.-5. Stunde)<\/span><\/strong><\/p>\n<p><span class=\"simcal-event-start simcal-event-start-date\" data-event-start=\"1776031259\" data-event-format=\"j. F Y\" itemprop=\"startDate\" content=\"2026-04-13T00:00:59+02:00\">13. April 2026<\/span><br \/>\n <span class=\"simcal-event-address simcal-event-start-location\" itemprop=\"location\" itemscope itemtype=\"http:\/\/schema.org\/Place\"><meta itemprop=\"name\" content=\"1B: Dschungel Wien Theaterst\u00fcck &quot;ARGH&quot;;D: M\u00e4rchen (2.-5. Stunde)\" \/><meta itemprop=\"address\" content=\"1B: Dschungel Wien Theaterst\u00fcck &quot;ARGH&quot;;D: M\u00e4rchen (2.-5. Stunde)\" \/><\/span><\/p>\n<div><\/div>\n<p> <a href=\"https:\/\/www.google.com\/calendar\/event?eid=Mmg4bmtpNDE4NWZpOTk2aTgzMzcyYXRqYzAgYjZ0NmF0M2JwYTNpNW5mYXRmbzBxZm1nbTBAZw&#038;ctz=Europe\/Vienna\" target=\"_blank\" >Im Google Kalender anzeigen<\/a><\/p><\/div>\n\t<\/li>\n<\/ul>\n\n\t\t<span class=\"simcal-events-dots\" style=\"display: none;\"><b style=\"color: #000;\"> &bull; <\/b><b style=\"color: #000;\"> &bull; <\/b><\/span>\n\t<\/div>\n<\/td>\n<td class=\"simcal-day-14 simcal-weekday-2 simcal-past simcal-day\" data-events-count=\"0\">\n\t<div>\n\t\t<span class=\"simcal-day-label simcal-day-number\">14<\/span>\n\t\t<span class=\"simcal-no-events\"><\/span>\n\t\t<span class=\"simcal-events-dots\" style=\"display: none;\"><\/span>\n\t<\/div>\n<\/td>\n<td class=\"simcal-day-15 simcal-weekday-3 simcal-past simcal-day\" data-events-count=\"0\">\n\t<div>\n\t\t<span class=\"simcal-day-label simcal-day-number\">15<\/span>\n\t\t<span class=\"simcal-no-events\"><\/span>\n\t\t<span class=\"simcal-events-dots\" style=\"display: none;\"><\/span>\n\t<\/div>\n<\/td>\n<td class=\"simcal-day-16 simcal-weekday-4 simcal-past simcal-day simcal-day-has-events simcal-day-has-1-events simcal-events-calendar-189\" data-events-count=\"1\">\n\t<div>\n\t\t<span class=\"simcal-day-label simcal-day-number\" style=\"background-color: #e3e228; color: #000000\">16<\/span>\n\t\t<ul class=\"simcal-events\">\t<li class=\"simcal-event simcal-events-calendar-189 simcal-tooltip\" itemscope itemtype=\"http:\/\/schema.org\/Event\">\n\t\t<span class=\"simcal-event-title\">1C: GeoSphere Austria (2.-6. Stunde)<\/span>\n\t\t<div class=\"simcal-event-details simcal-tooltip-content\" style=\"display: none;\"><p><strong><span class=\"simcal-event-title\" itemprop=\"name\">1C: GeoSphere Austria (2.-6. Stunde)<\/span><\/strong><\/p>\n<p><span class=\"simcal-event-start simcal-event-start-date\" data-event-start=\"1776290459\" data-event-format=\"j. F Y\" itemprop=\"startDate\" content=\"2026-04-16T00:00:59+02:00\">16. April 2026<\/span><br \/>\n <span class=\"simcal-event-address simcal-event-start-location\" itemprop=\"location\" itemscope itemtype=\"http:\/\/schema.org\/Place\"><meta itemprop=\"name\" content=\"1C: GeoSphere Austria (2.-6. Stunde)\" \/><meta itemprop=\"address\" content=\"1C: GeoSphere Austria (2.-6. Stunde)\" \/><\/span><\/p>\n<div><\/div>\n<p> <a href=\"https:\/\/www.google.com\/calendar\/event?eid=MDFhaGwwOXZmdTFrZ2Zram0wbWwwbDdwcDUgYjZ0NmF0M2JwYTNpNW5mYXRmbzBxZm1nbTBAZw&#038;ctz=Europe\/Vienna\" target=\"_blank\" >Im Google Kalender anzeigen<\/a><\/p><\/div>\n\t<\/li>\n<\/ul>\n\n\t\t<span class=\"simcal-events-dots\" style=\"display: none;\"><b style=\"color: #000;\"> &bull; <\/b><\/span>\n\t<\/div>\n<\/td>\n<td class=\"simcal-day-17 simcal-weekday-5 simcal-past simcal-day simcal-day-has-events simcal-day-has-1-events simcal-events-calendar-189\" data-events-count=\"1\">\n\t<div>\n\t\t<span class=\"simcal-day-label simcal-day-number\" style=\"background-color: #e3e228; color: #000000\">17<\/span>\n\t\t<ul class=\"simcal-events\">\t<li class=\"simcal-event simcal-events-calendar-189 simcal-tooltip\" itemscope itemtype=\"http:\/\/schema.org\/Event\">\n\t\t<span class=\"simcal-event-title\">3C Wels, Welios Science Center, Physik (1.-10. Stunde)<\/span>\n\t\t<div class=\"simcal-event-details simcal-tooltip-content\" style=\"display: none;\"><p><strong><span class=\"simcal-event-title\" itemprop=\"name\">3C Wels, Welios Science Center, Physik (1.-10. Stunde)<\/span><\/strong><\/p>\n<p><span class=\"simcal-event-start simcal-event-start-date\" data-event-start=\"1776376859\" data-event-format=\"j. F Y\" itemprop=\"startDate\" content=\"2026-04-17T00:00:59+02:00\">17. April 2026<\/span><br \/>\n <span class=\"simcal-event-address simcal-event-start-location\" itemprop=\"location\" itemscope itemtype=\"http:\/\/schema.org\/Place\"><meta itemprop=\"name\" content=\"3C Wels, Welios Science Center, Physik (1.-10. Stunde)\" \/><meta itemprop=\"address\" content=\"3C Wels, Welios Science Center, Physik (1.-10. Stunde)\" \/><\/span><\/p>\n<div><\/div>\n<p> <a href=\"https:\/\/www.google.com\/calendar\/event?eid=NjUxaTRqMXBsczY2ZGtzNHI0djNjbzF2cDYgYjZ0NmF0M2JwYTNpNW5mYXRmbzBxZm1nbTBAZw&#038;ctz=Europe\/Vienna\" target=\"_blank\" >Im Google Kalender anzeigen<\/a><\/p><\/div>\n\t<\/li>\n<\/ul>\n\n\t\t<span class=\"simcal-events-dots\" style=\"display: none;\"><b style=\"color: #000;\"> &bull; <\/b><\/span>\n\t<\/div>\n<\/td>\n<td class=\"simcal-day-18 simcal-weekday-6 simcal-past simcal-day\" data-events-count=\"0\">\n\t<div>\n\t\t<span class=\"simcal-day-label simcal-day-number\">18<\/span>\n\t\t<span class=\"simcal-no-events\"><\/span>\n\t\t<span class=\"simcal-events-dots\" style=\"display: none;\"><\/span>\n\t<\/div>\n<\/td>\n<td class=\"simcal-day-19 simcal-weekday-0 simcal-past simcal-day\" data-events-count=\"0\">\n\t<div>\n\t\t<span class=\"simcal-day-label simcal-day-number\">19<\/span>\n\t\t<span class=\"simcal-no-events\"><\/span>\n\t\t<span class=\"simcal-events-dots\" style=\"display: none;\"><\/span>\n\t<\/div>\n<\/td>\n<\/tr><tr class=\"simcal-week simcal-week-16\">\n<td class=\"simcal-day-20 simcal-weekday-1 simcal-past simcal-day\" data-events-count=\"0\">\n\t<div>\n\t\t<span class=\"simcal-day-label simcal-day-number\">20<\/span>\n\t\t<span class=\"simcal-no-events\"><\/span>\n\t\t<span class=\"simcal-events-dots\" style=\"display: none;\"><\/span>\n\t<\/div>\n<\/td>\n<td class=\"simcal-day-21 simcal-weekday-2 simcal-past simcal-day\" data-events-count=\"0\">\n\t<div>\n\t\t<span class=\"simcal-day-label simcal-day-number\">21<\/span>\n\t\t<span class=\"simcal-no-events\"><\/span>\n\t\t<span class=\"simcal-events-dots\" style=\"display: none;\"><\/span>\n\t<\/div>\n<\/td>\n<td class=\"simcal-day-22 simcal-weekday-3 simcal-past simcal-day\" data-events-count=\"0\">\n\t<div>\n\t\t<span class=\"simcal-day-label simcal-day-number\">22<\/span>\n\t\t<span class=\"simcal-no-events\"><\/span>\n\t\t<span class=\"simcal-events-dots\" style=\"display: none;\"><\/span>\n\t<\/div>\n<\/td>\n<td class=\"simcal-day-23 simcal-weekday-4 simcal-past simcal-day simcal-day-has-events simcal-day-has-2-events simcal-events-calendar-187 simcal-events-calendar-189\" data-events-count=\"2\">\n\t<div>\n\t\t<span class=\"simcal-day-label simcal-day-number\" style=\"background-color: #e3e228; color: #000000\">23<\/span>\n\t\t<ul class=\"simcal-events\">\t<li class=\"simcal-event simcal-events-calendar-187 simcal-tooltip\" itemscope itemtype=\"http:\/\/schema.org\/Event\">\n\t\t<span class=\"simcal-event-title\">Unterrichtsschluss: 12:45 Uhr (kein NM-Unterreicht, keine NB&hellip;<\/span>\n\t\t<div class=\"simcal-event-details simcal-tooltip-content\" style=\"display: none;\"><p><strong><span class=\"simcal-event-title\" itemprop=\"name\">Unterrichtsschluss: 12:45 Uhr (kein NM-Unterreicht, keine NBT), 14:15 - 17:15 Uhr: P\u00e4dagogischer Nachmittag<\/span><\/strong><\/p>\n<p><span class=\"simcal-event-start simcal-event-start-date\" data-event-start=\"1776895259\" data-event-format=\"j. F Y\" itemprop=\"startDate\" content=\"2026-04-23T00:00:59+02:00\">23. April 2026<\/span><br \/>\n <span class=\"simcal-event-address simcal-event-start-location\" itemprop=\"location\" itemscope itemtype=\"http:\/\/schema.org\/Place\"><meta itemprop=\"name\" content=\"Unterrichtsschluss: 12:45 Uhr (kein NM-Unterreicht, keine NBT), 14:15 - 17:15 Uhr: P\u00e4dagogischer Nachmittag\" \/><meta itemprop=\"address\" content=\"Unterrichtsschluss: 12:45 Uhr (kein NM-Unterreicht, keine NBT), 14:15 - 17:15 Uhr: P\u00e4dagogischer Nachmittag\" \/><\/span><br \/>\n <a href=\"https:\/\/www.google.com\/calendar\/event?eid=MDk1Y2RvNWZwMzJxN2pscTZvZ2thM2RzNDIgd2VibWFzdGVyQGJyZzkuYXQ&#038;ctz=Europe\/Vienna\" target=\"_blank\" >Im Google Kalender anzeigen<\/a><\/p><\/div>\n\t<\/li>\n\t<li class=\"simcal-event simcal-events-calendar-189 simcal-tooltip\" itemscope itemtype=\"http:\/\/schema.org\/Event\">\n\t\t<span class=\"simcal-event-title\">1B: Geo: Boden: Hochbeete Alsergarten gleich bei der Schule &hellip;<\/span>\n\t\t<div class=\"simcal-event-details simcal-tooltip-content\" style=\"display: none;\"><p><strong><span class=\"simcal-event-title\" itemprop=\"name\">1B: Geo: Boden: Hochbeete Alsergarten gleich bei der Schule (1.-3. Stunde)<\/span><\/strong><\/p>\n<p><span class=\"simcal-event-start simcal-event-start-date\" data-event-start=\"1776895259\" data-event-format=\"j. F Y\" itemprop=\"startDate\" content=\"2026-04-23T00:00:59+02:00\">23. April 2026<\/span><br \/>\n <span class=\"simcal-event-address simcal-event-start-location\" itemprop=\"location\" itemscope itemtype=\"http:\/\/schema.org\/Place\"><meta itemprop=\"name\" content=\"1B: Geo: Boden: Hochbeete Alsergarten gleich bei der Schule (1.-3. Stunde)\" \/><meta itemprop=\"address\" content=\"1B: Geo: Boden: Hochbeete Alsergarten gleich bei der Schule (1.-3. Stunde)\" \/><\/span><\/p>\n<div><\/div>\n<p> <a href=\"https:\/\/www.google.com\/calendar\/event?eid=NjdzbTZvaGFiajFxcWQxYmk5b2JlMDd0azggYjZ0NmF0M2JwYTNpNW5mYXRmbzBxZm1nbTBAZw&#038;ctz=Europe\/Vienna\" target=\"_blank\" >Im Google Kalender anzeigen<\/a><\/p><\/div>\n\t<\/li>\n<\/ul>\n\n\t\t<span class=\"simcal-events-dots\" style=\"display: none;\"><b style=\"color: #000;\"> &bull; <\/b><b style=\"color: #000;\"> &bull; <\/b><\/span>\n\t<\/div>\n<\/td>\n<td class=\"simcal-day-24 simcal-weekday-5 simcal-past simcal-day simcal-day-has-events simcal-day-has-1-events simcal-events-calendar-189\" data-events-count=\"1\">\n\t<div>\n\t\t<span class=\"simcal-day-label simcal-day-number\" style=\"background-color: #e3e228; color: #000000\">24<\/span>\n\t\t<ul class=\"simcal-events\">\t<li class=\"simcal-event simcal-events-calendar-189 simcal-tooltip\" itemscope itemtype=\"http:\/\/schema.org\/Event\">\n\t\t<span class=\"simcal-event-title\">5b: Maria-Theresien-Platz, 1010 Wien, Klimawandel (2.-5. Stu&hellip;<\/span>\n\t\t<div class=\"simcal-event-details simcal-tooltip-content\" style=\"display: none;\"><p><strong><span class=\"simcal-event-title\" itemprop=\"name\">5b: Maria-Theresien-Platz, 1010 Wien, Klimawandel (2.-5. Stunde)<\/span><\/strong><\/p>\n<p><span class=\"simcal-event-start simcal-event-start-date\" data-event-start=\"1776981659\" data-event-format=\"j. F Y\" itemprop=\"startDate\" content=\"2026-04-24T00:00:59+02:00\">24. April 2026<\/span><br \/>\n <span class=\"simcal-event-address simcal-event-start-location\" itemprop=\"location\" itemscope itemtype=\"http:\/\/schema.org\/Place\"><meta itemprop=\"name\" content=\"5b: Maria-Theresien-Platz, 1010 Wien, Klimawandel (2.-5. Stunde)\" \/><meta itemprop=\"address\" content=\"5b: Maria-Theresien-Platz, 1010 Wien, Klimawandel (2.-5. Stunde)\" \/><\/span><\/p>\n<div><\/div>\n<p> <a href=\"https:\/\/www.google.com\/calendar\/event?eid=MnFhb2FkcGU5OHZvaHM2bG8wNmVhb29xNHUgYjZ0NmF0M2JwYTNpNW5mYXRmbzBxZm1nbTBAZw&#038;ctz=Europe\/Vienna\" target=\"_blank\" >Im Google Kalender anzeigen<\/a><\/p><\/div>\n\t<\/li>\n<\/ul>\n\n\t\t<span class=\"simcal-events-dots\" style=\"display: none;\"><b style=\"color: #000;\"> &bull; <\/b><\/span>\n\t<\/div>\n<\/td>\n<td class=\"simcal-day-25 simcal-weekday-6 simcal-past simcal-day\" data-events-count=\"0\">\n\t<div>\n\t\t<span class=\"simcal-day-label simcal-day-number\">25<\/span>\n\t\t<span class=\"simcal-no-events\"><\/span>\n\t\t<span class=\"simcal-events-dots\" style=\"display: none;\"><\/span>\n\t<\/div>\n<\/td>\n<td class=\"simcal-day-26 simcal-weekday-0 simcal-past simcal-day\" data-events-count=\"0\">\n\t<div>\n\t\t<span class=\"simcal-day-label simcal-day-number\">26<\/span>\n\t\t<span class=\"simcal-no-events\"><\/span>\n\t\t<span class=\"simcal-events-dots\" style=\"display: none;\"><\/span>\n\t<\/div>\n<\/td>\n<\/tr><tr class=\"simcal-week simcal-week-17\">\n<td class=\"simcal-day-27 simcal-weekday-1 simcal-past simcal-day simcal-day-has-events simcal-day-has-4-events simcal-events-calendar-187 simcal-events-calendar-189\" data-events-count=\"4\">\n\t<div>\n\t\t<span class=\"simcal-day-label simcal-day-number\" style=\"background-color: #e3e228; color: #000000\">27<\/span>\n\t\t<ul class=\"simcal-events\">\t<li class=\"simcal-event simcal-events-calendar-187 simcal-tooltip\" itemscope itemtype=\"http:\/\/schema.org\/Event\">\n\t\t<span class=\"simcal-event-title\">Semesterpr\u00fcfungen f\u00fcr neg. Module 8. Klassen<\/span>\n\t\t<div class=\"simcal-event-details simcal-tooltip-content\" style=\"display: none;\"><p><strong><span class=\"simcal-event-title\" itemprop=\"name\">Semesterpr\u00fcfungen f\u00fcr neg. Module 8. Klassen<\/span><\/strong><\/p>\n<p><span class=\"simcal-event-start simcal-event-start-date\" data-event-start=\"1777240859\" data-event-format=\"j. F Y\" itemprop=\"startDate\" content=\"2026-04-27T00:00:59+02:00\">27. April 2026<\/span> - <span class=\"simcal-event-start simcal-event-end-date\" data-event-start=\"1777413541\" data-event-format=\"j. F Y\" itemprop=\"endDate\" content=\"2026-04-28T23:59:01+02:00\">28. April 2026<\/span>&nbsp;@&nbsp;<br \/>\n <span class=\"simcal-event-address simcal-event-start-location\" itemprop=\"location\" itemscope itemtype=\"http:\/\/schema.org\/Place\"><meta itemprop=\"name\" content=\"Semesterpr\u00fcfungen f\u00fcr neg. Module 8. Klassen\" \/><meta itemprop=\"address\" content=\"Semesterpr\u00fcfungen f\u00fcr neg. Module 8. Klassen\" \/><\/span><br \/>\n <a href=\"https:\/\/www.google.com\/calendar\/event?eid=N2hwam5yMjg2bXNib2lhYnBuNmFibGtmb28gd2VibWFzdGVyQGJyZzkuYXQ&#038;ctz=Europe\/Vienna\" target=\"_blank\" >Im Google Kalender anzeigen<\/a><\/p><\/div>\n\t<\/li>\n\t<li class=\"simcal-event simcal-events-calendar-189 simcal-tooltip\" itemscope itemtype=\"http:\/\/schema.org\/Event\">\n\t\t<span class=\"simcal-event-title\">1B: Cobenzl Bauernhof - Bauernhoftiere kennenlernen (1.-6. S&hellip;<\/span>\n\t\t<div class=\"simcal-event-details simcal-tooltip-content\" style=\"display: none;\"><p><strong><span class=\"simcal-event-title\" itemprop=\"name\">1B: Cobenzl Bauernhof - Bauernhoftiere kennenlernen (1.-6. Stunde)<\/span><\/strong><\/p>\n<p><span class=\"simcal-event-start simcal-event-start-date\" data-event-start=\"1777240859\" data-event-format=\"j. F Y\" itemprop=\"startDate\" content=\"2026-04-27T00:00:59+02:00\">27. April 2026<\/span><br \/>\n <span class=\"simcal-event-address simcal-event-start-location\" itemprop=\"location\" itemscope itemtype=\"http:\/\/schema.org\/Place\"><meta itemprop=\"name\" content=\"1B: Cobenzl Bauernhof - Bauernhoftiere kennenlernen (1.-6. Stunde)\" \/><meta itemprop=\"address\" content=\"1B: Cobenzl Bauernhof - Bauernhoftiere kennenlernen (1.-6. Stunde)\" \/><\/span><\/p>\n<div><\/div>\n<p> <a href=\"https:\/\/www.google.com\/calendar\/event?eid=MDZpMnE1NGttbXQzZjFxczQ0N3ZwOHNkOHQgYjZ0NmF0M2JwYTNpNW5mYXRmbzBxZm1nbTBAZw&#038;ctz=Europe\/Vienna\" target=\"_blank\" >Im Google Kalender anzeigen<\/a><\/p><\/div>\n\t<\/li>\n\t<li class=\"simcal-event simcal-events-calendar-189 simcal-tooltip\" itemscope itemtype=\"http:\/\/schema.org\/Event\">\n\t\t<span class=\"simcal-event-title\">3B Workshop: In der Schule; Klassenzusammenhalt; Mobbingpr\u00e4v&hellip;<\/span>\n\t\t<div class=\"simcal-event-details simcal-tooltip-content\" style=\"display: none;\"><p><strong><span class=\"simcal-event-title\" itemprop=\"name\">3B Workshop: In der Schule; Klassenzusammenhalt; Mobbingpr\u00e4vention (KV-Thema) 1.-5. Std.<\/span><\/strong><\/p>\n<p><span class=\"simcal-event-start simcal-event-start-date\" data-event-start=\"1777240859\" data-event-format=\"j. F Y\" itemprop=\"startDate\" content=\"2026-04-27T00:00:59+02:00\">27. April 2026<\/span><br \/>\n <span class=\"simcal-event-address simcal-event-start-location\" itemprop=\"location\" itemscope itemtype=\"http:\/\/schema.org\/Place\"><meta itemprop=\"name\" content=\"3B Workshop: In der Schule; Klassenzusammenhalt; Mobbingpr\u00e4vention (KV-Thema) 1.-5. Std.\" \/><meta itemprop=\"address\" content=\"3B Workshop: In der Schule; Klassenzusammenhalt; Mobbingpr\u00e4vention (KV-Thema) 1.-5. Std.\" \/><\/span><\/p>\n<div><\/div>\n<p> <a href=\"https:\/\/www.google.com\/calendar\/event?eid=MW9vNmhzanZvMnA2dnY3bnM3MDIwNGFmbzMgYjZ0NmF0M2JwYTNpNW5mYXRmbzBxZm1nbTBAZw&#038;ctz=Europe\/Vienna\" target=\"_blank\" >Im Google Kalender anzeigen<\/a><\/p><\/div>\n\t<\/li>\n\t<li class=\"simcal-event simcal-events-calendar-189 simcal-tooltip\" itemscope itemtype=\"http:\/\/schema.org\/Event\">\n\t\t<span class=\"simcal-event-title\">7BC: Voestalpine Linz (1.-10. Stunde)<\/span>\n\t\t<div class=\"simcal-event-details simcal-tooltip-content\" style=\"display: none;\"><p><strong><span class=\"simcal-event-title\" itemprop=\"name\">7BC: Voestalpine Linz (1.-10. Stunde)<\/span><\/strong><\/p>\n<p><span class=\"simcal-event-start simcal-event-start-date\" data-event-start=\"1777240859\" data-event-format=\"j. F Y\" itemprop=\"startDate\" content=\"2026-04-27T00:00:59+02:00\">27. April 2026<\/span><br \/>\n <span class=\"simcal-event-address simcal-event-start-location\" itemprop=\"location\" itemscope itemtype=\"http:\/\/schema.org\/Place\"><meta itemprop=\"name\" content=\"7BC: Voestalpine Linz (1.-10. Stunde)\" \/><meta itemprop=\"address\" content=\"7BC: Voestalpine Linz (1.-10. Stunde)\" \/><\/span><\/p>\n<div><\/div>\n<p> <a href=\"https:\/\/www.google.com\/calendar\/event?eid=MW9ycW1hcm9idDJxOHM2dG4xOXZrYm9mY3AgYjZ0NmF0M2JwYTNpNW5mYXRmbzBxZm1nbTBAZw&#038;ctz=Europe\/Vienna\" target=\"_blank\" >Im Google Kalender anzeigen<\/a><\/p><\/div>\n\t<\/li>\n<\/ul>\n\n\t\t<span class=\"simcal-events-dots\" style=\"display: none;\"><b style=\"color: #000;\"> &bull; <\/b><b style=\"color: #000;\"> &bull; <\/b><b style=\"color: #000;\"> &bull; <\/b><b style=\"color: #000;\"> &bull; <\/b><\/span>\n\t<\/div>\n<\/td>\n<td class=\"simcal-day-28 simcal-weekday-2 simcal-today simcal-present simcal-day simcal-today-has-events simcal-day-has-events simcal-day-has-3-events simcal-events-calendar-187 simcal-events-calendar-189\" data-events-count=\"3\">\n\t<div style=\"border: 1px solid #d10062;\">\n\t\t<span class=\"simcal-day-label simcal-day-number\" style=\"background-color: #d10062; color: #ffffff\">28<\/span>\n\t\t<ul class=\"simcal-events\">\t<li class=\"simcal-event simcal-events-calendar-187 simcal-tooltip\" itemscope itemtype=\"http:\/\/schema.org\/Event\">\n\t\t<span class=\"simcal-event-title\">Elternsprechtag 15:30 \u2013 17:30 Uhr, Unterrichtsschluss: 13:40&hellip;<\/span>\n\t\t<div class=\"simcal-event-details simcal-tooltip-content\" style=\"display: none;\"><p><strong><span class=\"simcal-event-title\" itemprop=\"name\">Elternsprechtag 15:30 \u2013 17:30 Uhr, Unterrichtsschluss: 13:40 Uhr (kein NM-Unterreicht, keine NBT)<\/span><\/strong><\/p>\n<p><span class=\"simcal-event-start simcal-event-start-date\" data-event-start=\"1777327259\" data-event-format=\"j. F Y\" itemprop=\"startDate\" content=\"2026-04-28T00:00:59+02:00\">28. April 2026<\/span><br \/>\n <span class=\"simcal-event-address simcal-event-start-location\" itemprop=\"location\" itemscope itemtype=\"http:\/\/schema.org\/Place\"><meta itemprop=\"name\" content=\"Elternsprechtag 15:30 \u2013 17:30 Uhr, Unterrichtsschluss: 13:40 Uhr (kein NM-Unterreicht, keine NBT)\" \/><meta itemprop=\"address\" content=\"Elternsprechtag 15:30 \u2013 17:30 Uhr, Unterrichtsschluss: 13:40 Uhr (kein NM-Unterreicht, keine NBT)\" \/><\/span><br \/>\n <a href=\"https:\/\/www.google.com\/calendar\/event?eid=Mzg5YXZuajExb2JkaG1uZzJoc2dnMDI2cmEgd2VibWFzdGVyQGJyZzkuYXQ&#038;ctz=Europe\/Vienna\" target=\"_blank\" >Im Google Kalender anzeigen<\/a><\/p><\/div>\n\t<\/li>\n\t<li class=\"simcal-event simcal-events-calendar-189 simcal-tooltip\" itemscope itemtype=\"http:\/\/schema.org\/Event\">\n\t\t<span class=\"simcal-event-title\">4A: Zeitzeuginnengespr\u00e4ch (3.-4. Stunde)<\/span>\n\t\t<div class=\"simcal-event-details simcal-tooltip-content\" style=\"display: none;\"><p><strong><span class=\"simcal-event-title\" itemprop=\"name\">4A: Zeitzeuginnengespr\u00e4ch (3.-4. Stunde)<\/span><\/strong><\/p>\n<p><span class=\"simcal-event-start simcal-event-start-date\" data-event-start=\"1777327259\" data-event-format=\"j. F Y\" itemprop=\"startDate\" content=\"2026-04-28T00:00:59+02:00\">28. April 2026<\/span><br \/>\n <span class=\"simcal-event-address simcal-event-start-location\" itemprop=\"location\" itemscope itemtype=\"http:\/\/schema.org\/Place\"><meta itemprop=\"name\" content=\"4A: Zeitzeuginnengespr\u00e4ch (3.-4. Stunde)\" \/><meta itemprop=\"address\" content=\"4A: Zeitzeuginnengespr\u00e4ch (3.-4. Stunde)\" \/><\/span><\/p>\n<div><\/div>\n<p> <a href=\"https:\/\/www.google.com\/calendar\/event?eid=NG80MWxrNXIxa285cDN0MmpmY3Nlc2R2MzYgYjZ0NmF0M2JwYTNpNW5mYXRmbzBxZm1nbTBAZw&#038;ctz=Europe\/Vienna\" target=\"_blank\" >Im Google Kalender anzeigen<\/a><\/p><\/div>\n\t<\/li>\n\t<li class=\"simcal-event simcal-events-calendar-189 simcal-tooltip\" itemscope itemtype=\"http:\/\/schema.org\/Event\">\n\t\t<span class=\"simcal-event-title\">6B Foroarsenal Wien; Kunstbetrachtung vor dem Original (3.-6&hellip;<\/span>\n\t\t<div class=\"simcal-event-details simcal-tooltip-content\" style=\"display: none;\"><p><strong><span class=\"simcal-event-title\" itemprop=\"name\">6B Foroarsenal Wien; Kunstbetrachtung vor dem Original (3.-6. Stunde)<\/span><\/strong><\/p>\n<p><span class=\"simcal-event-start simcal-event-start-date\" data-event-start=\"1777327259\" data-event-format=\"j. F Y\" itemprop=\"startDate\" content=\"2026-04-28T00:00:59+02:00\">28. April 2026<\/span><br \/>\n <span class=\"simcal-event-address simcal-event-start-location\" itemprop=\"location\" itemscope itemtype=\"http:\/\/schema.org\/Place\"><meta itemprop=\"name\" content=\"6B Foroarsenal Wien; Kunstbetrachtung vor dem Original (3.-6. Stunde)\" \/><meta itemprop=\"address\" content=\"6B Foroarsenal Wien; Kunstbetrachtung vor dem Original (3.-6. Stunde)\" \/><\/span><\/p>\n<div><\/div>\n<p> <a href=\"https:\/\/www.google.com\/calendar\/event?eid=N2ptb21mYTQ2djdkNmd0cmUxZDFvMnU5aWcgYjZ0NmF0M2JwYTNpNW5mYXRmbzBxZm1nbTBAZw&#038;ctz=Europe\/Vienna\" target=\"_blank\" >Im Google Kalender anzeigen<\/a><\/p><\/div>\n\t<\/li>\n<\/ul>\n\n\t\t<span class=\"simcal-events-dots\" style=\"display: none;\"><b style=\"color: #000;\"> &bull; <\/b><b style=\"color: #000;\"> &bull; <\/b><b style=\"color: #000;\"> &bull; <\/b><\/span>\n\t<\/div>\n<\/td>\n<td class=\"simcal-day-29 simcal-weekday-3 simcal-future simcal-day\" data-events-count=\"0\">\n\t<div>\n\t\t<span class=\"simcal-day-label simcal-day-number\">29<\/span>\n\t\t<span class=\"simcal-no-events\"><\/span>\n\t\t<span class=\"simcal-events-dots\" style=\"display: none;\"><\/span>\n\t<\/div>\n<\/td>\n<td class=\"simcal-day-30 simcal-weekday-4 simcal-future simcal-day simcal-day-has-events simcal-day-has-1-events simcal-events-calendar-187\" data-events-count=\"1\">\n\t<div>\n\t\t<span class=\"simcal-day-label simcal-day-number\" style=\"background-color: #e3e228; color: #000000\">30<\/span>\n\t\t<ul class=\"simcal-events\">\t<li class=\"simcal-event simcal-events-calendar-187 simcal-tooltip\" itemscope itemtype=\"http:\/\/schema.org\/Event\">\n\t\t<span class=\"simcal-event-title\">Letzter Schultag + Ausgabe Semesterzeugnisse f\u00fcr 8. Klassen<\/span>\n\t\t<div class=\"simcal-event-details simcal-tooltip-content\" style=\"display: none;\"><p><strong><span class=\"simcal-event-title\" itemprop=\"name\">Letzter Schultag + Ausgabe Semesterzeugnisse f\u00fcr 8. Klassen<\/span><\/strong><\/p>\n<p><span class=\"simcal-event-start simcal-event-start-date\" data-event-start=\"1777500059\" data-event-format=\"j. F Y\" itemprop=\"startDate\" content=\"2026-04-30T00:00:59+02:00\">30. April 2026<\/span><br \/>\n <span class=\"simcal-event-address simcal-event-start-location\" itemprop=\"location\" itemscope itemtype=\"http:\/\/schema.org\/Place\"><meta itemprop=\"name\" content=\"Letzter Schultag + Ausgabe Semesterzeugnisse f\u00fcr 8. Klassen\" \/><meta itemprop=\"address\" content=\"Letzter Schultag + Ausgabe Semesterzeugnisse f\u00fcr 8. Klassen\" \/><\/span><br \/>\n <a href=\"https:\/\/www.google.com\/calendar\/event?eid=NjFjNHVpbmEwZmsyZG1laGZzdWtlMHEzcGUgd2VibWFzdGVyQGJyZzkuYXQ&#038;ctz=Europe\/Vienna\" target=\"_blank\" >Im Google Kalender anzeigen<\/a><\/p><\/div>\n\t<\/li>\n<\/ul>\n\n\t\t<span class=\"simcal-events-dots\" style=\"display: none;\"><b style=\"color: #000;\"> &bull; <\/b><\/span>\n\t<\/div>\n<\/td>\n<td class=\"simcal-day simcal-day-void \"><\/td>\n<td class=\"simcal-day simcal-day-void \"><\/td>\n<td class=\"simcal-day simcal-day-void simcal-day-void-last\"><\/td>\n\t<\/tr>\n<\/tbody>\n\n\t\t\t<\/table>\n\n\t\t\t<div class=\"simcal-ajax-loader simcal-spinner-top\" style=\"display: none;\"><i class=\"simcal-icon-spinner simcal-icon-spin\"><\/i><\/div><\/div>\n","protected":false},"excerpt":{"rendered":"<p>Alle Termine k\u00f6nnen auch im Google Kalender oder im .ical Format ge\u00f6ffnet werden.<\/p>\n","protected":false},"author":1,"featured_media":0,"parent":0,"menu_order":0,"comment_status":"closed","ping_status":"closed","template":"page-fullwidth.php","meta":{"ngg_post_thumbnail":0,"spay_email":""},"yoast_head":"<!-- This site is optimized with the Yoast SEO plugin v16.2 - https:\/\/yoast.com\/wordpress\/plugins\/seo\/ -->\n<title>Termine &raquo; BRG9, Erich Fried Realgymnasium<\/title>\n<meta name=\"description\" content=\"Termine und Veranstaltungen f\u00fcr unsere Sch\u00fclerInnen, Eltern und Lehrer. Der Termin-Kalender kann hier auch abonniert werden.\" \/>\n<meta name=\"robots\" content=\"index, follow, max-snippet:-1, max-image-preview:large, max-video-preview:-1\" \/>\n<link rel=\"canonical\" href=\"https:\/\/www.brg9.at\/web\/?page_id=64\" \/>\n<meta property=\"og:locale\" content=\"de_DE\" \/>\n<meta property=\"og:type\" content=\"article\" \/>\n<meta property=\"og:title\" content=\"Termine &raquo; BRG9, Erich Fried Realgymnasium\" \/>\n<meta property=\"og:description\" content=\"Termine und Veranstaltungen f\u00fcr unsere Sch\u00fclerInnen, Eltern und Lehrer. Der Termin-Kalender kann hier auch abonniert werden.\" \/>\n<meta property=\"og:url\" content=\"https:\/\/www.brg9.at\/web\/?page_id=64\" \/>\n<meta property=\"og:site_name\" content=\"BRG9, Erich Fried Realgymnasium\" \/>\n<meta property=\"article:modified_time\" content=\"2016-03-07T14:56:18+00:00\" \/>\n<meta property=\"og:image\" content=\"https:\/\/www.brg9.at\/web\/wp-content\/uploads\/2016\/02\/brg9_solo_rgb_share.jpg\" \/>\n\t<meta property=\"og:image:width\" content=\"800\" \/>\n\t<meta property=\"og:image:height\" content=\"600\" \/>\n<meta name=\"twitter:card\" content=\"summary\" \/>\n<script type=\"application\/ld+json\" class=\"yoast-schema-graph\">{\"@context\":\"https:\/\/schema.org\",\"@graph\":[{\"@type\":\"WebSite\",\"@id\":\"https:\/\/www.brg9.at\/web\/#website\",\"url\":\"https:\/\/www.brg9.at\/web\/\",\"name\":\"BRG9, Erich Fried Realgymnasium\",\"description\":\"Die Website des BRG9 - Erich Fried Realgymnasium. Wien 9, Glasergasse 25.\",\"potentialAction\":[{\"@type\":\"SearchAction\",\"target\":\"https:\/\/www.brg9.at\/web\/?s={search_term_string}\",\"query-input\":\"required name=search_term_string\"}],\"inLanguage\":\"de-DE\"},{\"@type\":\"WebPage\",\"@id\":\"https:\/\/www.brg9.at\/web\/?page_id=64#webpage\",\"url\":\"https:\/\/www.brg9.at\/web\/?page_id=64\",\"name\":\"Termine &raquo; BRG9, Erich Fried Realgymnasium\",\"isPartOf\":{\"@id\":\"https:\/\/www.brg9.at\/web\/#website\"},\"datePublished\":\"2016-02-11T12:20:06+00:00\",\"dateModified\":\"2016-03-07T14:56:18+00:00\",\"description\":\"Termine und Veranstaltungen f\\u00fcr unsere Sch\\u00fclerInnen, Eltern und Lehrer. Der Termin-Kalender kann hier auch abonniert werden.\",\"breadcrumb\":{\"@id\":\"https:\/\/www.brg9.at\/web\/?page_id=64#breadcrumb\"},\"inLanguage\":\"de-DE\",\"potentialAction\":[{\"@type\":\"ReadAction\",\"target\":[\"https:\/\/www.brg9.at\/web\/?page_id=64\"]}]},{\"@type\":\"BreadcrumbList\",\"@id\":\"https:\/\/www.brg9.at\/web\/?page_id=64#breadcrumb\",\"itemListElement\":[{\"@type\":\"ListItem\",\"position\":1,\"item\":{\"@type\":\"WebPage\",\"@id\":\"https:\/\/www.brg9.at\/web\/\",\"url\":\"https:\/\/www.brg9.at\/web\/\",\"name\":\"Home\"}},{\"@type\":\"ListItem\",\"position\":2,\"item\":{\"@id\":\"https:\/\/www.brg9.at\/web\/?page_id=64#webpage\"}}]}]}<\/script>\n<!-- \/ Yoast SEO plugin. -->","jetpack_sharing_enabled":false,"_links":{"self":[{"href":"https:\/\/www.brg9.at\/web\/index.php?rest_route=\/wp\/v2\/pages\/64"}],"collection":[{"href":"https:\/\/www.brg9.at\/web\/index.php?rest_route=\/wp\/v2\/pages"}],"about":[{"href":"https:\/\/www.brg9.at\/web\/index.php?rest_route=\/wp\/v2\/types\/page"}],"author":[{"embeddable":true,"href":"https:\/\/www.brg9.at\/web\/index.php?rest_route=\/wp\/v2\/users\/1"}],"replies":[{"embeddable":true,"href":"https:\/\/www.brg9.at\/web\/index.php?rest_route=%2Fwp%2Fv2%2Fcomments&post=64"}],"version-history":[{"count":16,"href":"https:\/\/www.brg9.at\/web\/index.php?rest_route=\/wp\/v2\/pages\/64\/revisions"}],"predecessor-version":[{"id":288,"href":"https:\/\/www.brg9.at\/web\/index.php?rest_route=\/wp\/v2\/pages\/64\/revisions\/288"}],"wp:attachment":[{"href":"https:\/\/www.brg9.at\/web\/index.php?rest_route=%2Fwp%2Fv2%2Fmedia&parent=64"}],"curies":[{"name":"wp","href":"https:\/\/api.w.org\/{rel}","templated":true}]}}